{"id":1973,"date":"2024-12-29T18:29:32","date_gmt":"2024-12-29T17:29:32","guid":{"rendered":"https:\/\/hygiethik.fr\/?page_id=1973"},"modified":"2026-09-04T16:00:49","modified_gmt":"2026-09-04T14:00:49","slug":"nettoyage-collectivites","status":"publish","type":"page","link":"https:\/\/hygiethik.fr\/index.php\/nettoyage-collectivites\/","title":{"rendered":"Nettoyage Collectivit\u00e9s"},"content":{"rendered":"\t\t<div data-elementor-type=\"wp-page\" data-elementor-id=\"1973\" class=\"elementor elementor-1973\">\n\t\t\t\t<div class=\"elementor-element elementor-element-18d0987c e-flex e-con-boxed e-con e-parent\" data-id=\"18d0987c\" data-element_type=\"container\" data-e-type=\"container\">\n\t\t\t\t\t<div class=\"e-con-inner\">\n\t\t<div class=\"elementor-element elementor-element-5ab94655 e-con-full e-flex e-con e-child\" data-id=\"5ab94655\" data-element_type=\"container\" data-e-type=\"container\">\n\t\t\t\t<div class=\"elementor-element elementor-element-497527a1 elementor-widget elementor-widget-heading\" data-id=\"497527a1\" data-element_type=\"widget\" data-e-type=\"widget\" data-widget_type=\"heading.default\">\n\t\t\t\t<div class=\"elementor-widget-container\">\n\t\t\t\t\t<span class=\"elementor-heading-title elementor-size-default\">COLLECTIVIT\u00c9S &amp; COMMUNES<\/span>\t\t\t\t<\/div>\n\t\t\t\t<\/div>\n\t\t\t\t<div class=\"elementor-element elementor-element-7a6293ff elementor-widget elementor-widget-heading\" data-id=\"7a6293ff\" data-element_type=\"widget\" data-e-type=\"widget\" data-widget_type=\"heading.default\">\n\t\t\t\t<div class=\"elementor-widget-container\">\n\t\t\t\t\t<h1 class=\"elementor-heading-title elementor-size-default\">Nettoyage des collectivit\u00e9s et communes \u00e0 Saverne et alentours<\/h1>\t\t\t\t<\/div>\n\t\t\t\t<\/div>\n\t\t\t\t<div class=\"elementor-element elementor-element-29837112 elementor-widget elementor-widget-text-editor\" data-id=\"29837112\" data-element_type=\"widget\" data-e-type=\"widget\" data-widget_type=\"text-editor.default\">\n\t\t\t\t<div class=\"elementor-widget-container\">\n\t\t\t\t\t\t\t\t\t<p>HYGIETHIK intervient pour le nettoyage des collectivit\u00e9s \u00e0 Saverne et alentours, avec des prestations adapt\u00e9es aux b\u00e2timents publics, aux espaces collectifs et \u00e0 leur fr\u00e9quentation.<\/p>\t\t\t\t\t\t\t\t<\/div>\n\t\t\t\t<\/div>\n\t\t\t\t<div class=\"elementor-element elementor-element-f80fb10 elementor-widget elementor-widget-button\" data-id=\"f80fb10\" data-element_type=\"widget\" data-e-type=\"widget\" data-widget_type=\"button.default\">\n\t\t\t\t<div class=\"elementor-widget-container\">\n\t\t\t\t\t\t\t\t\t<div class=\"elementor-button-wrapper\">\n\t\t\t\t\t<a class=\"elementor-button elementor-button-link elementor-size-sm\" href=\"https:\/\/hygiethik.fr\/index.php\/contact-hygiethik\/\">\n\t\t\t\t\t\t<span class=\"elementor-button-content-wrapper\">\n\t\t\t\t\t\t\t\t\t<span class=\"elementor-button-text\">Demander un devis<\/span>\n\t\t\t\t\t<\/span>\n\t\t\t\t\t<\/a>\n\t\t\t\t<\/div>\n\t\t\t\t\t\t\t\t<\/div>\n\t\t\t\t<\/div>\n\t\t\t\t<\/div>\n\t\t<div class=\"elementor-element elementor-element-18d9901d e-con-full e-flex e-con e-child\" data-id=\"18d9901d\" data-element_type=\"container\" data-e-type=\"container\">\n\t\t\t\t<div class=\"elementor-element elementor-element-5cc73650 elementor-widget elementor-widget-image\" data-id=\"5cc73650\" data-element_type=\"widget\" data-e-type=\"widget\" data-widget_type=\"image.default\">\n\t\t\t\t<div class=\"elementor-widget-container\">\n\t\t\t\t\t\t\t\t\t\t\t\t\t\t\t<img fetchpriority=\"high\" decoding=\"async\" width=\"324\" height=\"216\" src=\"https:\/\/hygiethik.fr\/wp-content\/uploads\/2024\/12\/Mairie.jpg\" class=\"attachment-large size-large wp-image-2141\" alt=\"Nettoyage des collectivit\u00e9s \u00e0 Saverne par HYGIETHIK\" srcset=\"https:\/\/hygiethik.fr\/wp-content\/uploads\/2024\/12\/Mairie.jpg 324w, https:\/\/hygiethik.fr\/wp-content\/uploads\/2024\/12\/Mairie-300x200.jpg 300w\" sizes=\"(max-width: 324px) 100vw, 324px\" title=\"\">\t\t\t\t\t\t\t\t\t\t\t\t\t\t\t<\/div>\n\t\t\t\t<\/div>\n\t\t\t\t<\/div>\n\t\t\t\t\t<\/div>\n\t\t\t\t<\/div>\n\t\t<div class=\"elementor-element elementor-element-5b841c1 e-flex e-con-boxed e-con e-parent\" data-id=\"5b841c1\" data-element_type=\"container\" data-e-type=\"container\">\n\t\t\t\t\t<div class=\"e-con-inner\">\n\t\t<div class=\"elementor-element elementor-element-65a354f e-grid e-con-full e-con e-child\" data-id=\"65a354f\" data-element_type=\"container\" data-e-type=\"container\">\n\t\t\t\t<div class=\"elementor-element elementor-element-c2486a1 elementor-widget elementor-widget-image\" data-id=\"c2486a1\" data-element_type=\"widget\" data-e-type=\"widget\" data-widget_type=\"image.default\">\n\t\t\t\t<div class=\"elementor-widget-container\">\n\t\t\t\t\t\t\t\t\t\t\t\t\t\t\t<img decoding=\"async\" width=\"300\" height=\"200\" src=\"https:\/\/hygiethik.fr\/wp-content\/uploads\/2024\/12\/Mairie-300x200.jpg\" class=\"attachment-medium size-medium wp-image-2141\" alt=\"Nettoyage des collectivit\u00e9s \u00e0 Saverne par HYGIETHIK\" srcset=\"https:\/\/hygiethik.fr\/wp-content\/uploads\/2024\/12\/Mairie-300x200.jpg 300w, https:\/\/hygiethik.fr\/wp-content\/uploads\/2024\/12\/Mairie.jpg 324w\" sizes=\"(max-width: 300px) 100vw, 300px\" title=\"\">\t\t\t\t\t\t\t\t\t\t\t\t\t\t\t<\/div>\n\t\t\t\t<\/div>\n\t\t\t\t<div class=\"elementor-element elementor-element-d6fa208 elementor-widget elementor-widget-image\" data-id=\"d6fa208\" data-element_type=\"widget\" data-e-type=\"widget\" data-widget_type=\"image.default\">\n\t\t\t\t<div class=\"elementor-widget-container\">\n\t\t\t\t\t\t\t\t\t\t\t\t\t\t\t<img decoding=\"async\" width=\"300\" height=\"200\" src=\"https:\/\/hygiethik.fr\/wp-content\/uploads\/2024\/12\/salle-de-conference-300x200.jpg\" class=\"attachment-medium size-medium wp-image-2144\" alt=\"\" srcset=\"https:\/\/hygiethik.fr\/wp-content\/uploads\/2024\/12\/salle-de-conference-300x200.jpg 300w, https:\/\/hygiethik.fr\/wp-content\/uploads\/2024\/12\/salle-de-conference.jpg 324w\" sizes=\"(max-width: 300px) 100vw, 300px\" title=\"\">\t\t\t\t\t\t\t\t\t\t\t\t\t\t\t<\/div>\n\t\t\t\t<\/div>\n\t\t\t\t<div class=\"elementor-element elementor-element-d49e15e elementor-widget elementor-widget-image\" data-id=\"d49e15e\" data-element_type=\"widget\" data-e-type=\"widget\" data-widget_type=\"image.default\">\n\t\t\t\t<div class=\"elementor-widget-container\">\n\t\t\t\t\t\t\t\t\t\t\t\t\t\t\t<img loading=\"lazy\" decoding=\"async\" width=\"257\" height=\"216\" src=\"https:\/\/hygiethik.fr\/wp-content\/uploads\/2024\/12\/ecole.jpg\" class=\"attachment-medium size-medium wp-image-2143\" alt=\"\" title=\"\">\t\t\t\t\t\t\t\t\t\t\t\t\t\t\t<\/div>\n\t\t\t\t<\/div>\n\t\t\t\t<\/div>\n\t\t\t\t\t<\/div>\n\t\t\t\t<\/div>\n\t\t<div class=\"elementor-element elementor-element-bac2cbf e-flex e-con-boxed e-con e-parent\" data-id=\"bac2cbf\" data-element_type=\"container\" data-e-type=\"container\">\n\t\t\t\t\t<div class=\"e-con-inner\">\n\t\t\t\t<div class=\"elementor-element elementor-element-f42383e elementor-widget elementor-widget-text-editor\" data-id=\"f42383e\" data-element_type=\"widget\" data-e-type=\"widget\" data-widget_type=\"text-editor.default\">\n\t\t\t\t<div class=\"elementor-widget-container\">\n\t\t\t\t\t\t\t\t\t<h2>Nos prestations de nettoyage des collectivit\u00e9s \u00e0 Saverne<\/h2>\t\t\t\t\t\t\t\t<\/div>\n\t\t\t\t<\/div>\n\t\t\t\t\t<\/div>\n\t\t\t\t<\/div>\n\t\t<div class=\"elementor-element elementor-element-4232161 e-flex e-con-boxed e-con e-parent\" data-id=\"4232161\" data-element_type=\"container\" data-e-type=\"container\">\n\t\t\t\t\t<div class=\"e-con-inner\">\n\t\t\t\t<div class=\"elementor-element elementor-element-305d1f4 elementor-widget elementor-widget-text-editor\" data-id=\"305d1f4\" data-element_type=\"widget\" data-e-type=\"widget\" data-widget_type=\"text-editor.default\">\n\t\t\t\t<div class=\"elementor-widget-container\">\n\t\t\t\t\t\t\t\t\t<h3><strong>B\u00e2timents administratifs<\/strong><\/h3>\n<p>Entretien des bureaux, espaces d\u2019accueil, circulations et surfaces communes selon les besoins du site.<\/p>\t\t\t\t\t\t\t\t<\/div>\n\t\t\t\t<\/div>\n\t\t\t\t\t<\/div>\n\t\t\t\t<\/div>\n\t\t<div class=\"elementor-element elementor-element-4923726 e-grid e-con-boxed e-con e-parent\" data-id=\"4923726\" data-element_type=\"container\" data-e-type=\"container\">\n\t\t\t\t\t<div class=\"e-con-inner\">\n\t\t\t\t<div class=\"elementor-element elementor-element-90f6245 elementor-widget elementor-widget-text-editor\" data-id=\"90f6245\" data-element_type=\"widget\" data-e-type=\"widget\" data-widget_type=\"text-editor.default\">\n\t\t\t\t<div class=\"elementor-widget-container\">\n\t\t\t\t\t\t\t\t\t<ul><li>Bureaux et salles de r\u00e9union<\/li><\/ul>\t\t\t\t\t\t\t\t<\/div>\n\t\t\t\t<\/div>\n\t\t\t\t<div class=\"elementor-element elementor-element-6b606d6 elementor-widget elementor-widget-text-editor\" data-id=\"6b606d6\" data-element_type=\"widget\" data-e-type=\"widget\" data-widget_type=\"text-editor.default\">\n\t\t\t\t<div class=\"elementor-widget-container\">\n\t\t\t\t\t\t\t\t\t<ul><li>Espaces d\u2019accueil et circulations<\/li><\/ul>\t\t\t\t\t\t\t\t<\/div>\n\t\t\t\t<\/div>\n\t\t\t\t<div class=\"elementor-element elementor-element-a8c443f elementor-widget elementor-widget-text-editor\" data-id=\"a8c443f\" data-element_type=\"widget\" data-e-type=\"widget\" data-widget_type=\"text-editor.default\">\n\t\t\t\t<div class=\"elementor-widget-container\">\n\t\t\t\t\t\t\t\t\t<ul><li>Sanitaires, sols et surfaces communes<\/li><\/ul>\t\t\t\t\t\t\t\t<\/div>\n\t\t\t\t<\/div>\n\t\t\t\t\t<\/div>\n\t\t\t\t<\/div>\n\t\t<div class=\"elementor-element elementor-element-2145f10 e-flex e-con-boxed e-con e-parent\" data-id=\"2145f10\" data-element_type=\"container\" data-e-type=\"container\">\n\t\t\t\t\t<div class=\"e-con-inner\">\n\t\t\t\t<div class=\"elementor-element elementor-element-fa5e0c2 elementor-widget elementor-widget-text-editor\" data-id=\"fa5e0c2\" data-element_type=\"widget\" data-e-type=\"widget\" data-widget_type=\"text-editor.default\">\n\t\t\t\t<div class=\"elementor-widget-container\">\n\t\t\t\t\t\t\t\t\t<h3><strong>Espaces collectifs<\/strong><\/h3>\n<p>Nettoyage des espaces fr\u00e9quent\u00e9s par le public, avec une organisation adapt\u00e9e aux usages et aux contraintes des locaux.<\/p>\t\t\t\t\t\t\t\t<\/div>\n\t\t\t\t<\/div>\n\t\t\t\t\t<\/div>\n\t\t\t\t<\/div>\n\t\t<div class=\"elementor-element elementor-element-ffd06b1 e-grid e-con-boxed e-con e-parent\" data-id=\"ffd06b1\" data-element_type=\"container\" data-e-type=\"container\">\n\t\t\t\t\t<div class=\"e-con-inner\">\n\t\t\t\t<div class=\"elementor-element elementor-element-c1b89c4 elementor-widget elementor-widget-text-editor\" data-id=\"c1b89c4\" data-element_type=\"widget\" data-e-type=\"widget\" data-widget_type=\"text-editor.default\">\n\t\t\t\t<div class=\"elementor-widget-container\">\n\t\t\t\t\t\t\t\t\t<ul><li>Zones d\u2019accueil et espaces partag\u00e9s<\/li><\/ul>\t\t\t\t\t\t\t\t<\/div>\n\t\t\t\t<\/div>\n\t\t\t\t<div class=\"elementor-element elementor-element-da11ae4 elementor-widget elementor-widget-text-editor\" data-id=\"da11ae4\" data-element_type=\"widget\" data-e-type=\"widget\" data-widget_type=\"text-editor.default\">\n\t\t\t\t<div class=\"elementor-widget-container\">\n\t\t\t\t\t\t\t\t\t<ul><li>Couloirs et zones de circulation<\/li><\/ul>\t\t\t\t\t\t\t\t<\/div>\n\t\t\t\t<\/div>\n\t\t\t\t<div class=\"elementor-element elementor-element-df8ee8f elementor-widget elementor-widget-text-editor\" data-id=\"df8ee8f\" data-element_type=\"widget\" data-e-type=\"widget\" data-widget_type=\"text-editor.default\">\n\t\t\t\t<div class=\"elementor-widget-container\">\n\t\t\t\t\t\t\t\t\t<ul><li>Sols, surfaces et vitrages<\/li><\/ul>\t\t\t\t\t\t\t\t<\/div>\n\t\t\t\t<\/div>\n\t\t\t\t\t<\/div>\n\t\t\t\t<\/div>\n\t\t<div class=\"elementor-element elementor-element-654f119 e-flex e-con-boxed e-con e-parent\" data-id=\"654f119\" data-element_type=\"container\" data-e-type=\"container\">\n\t\t\t\t\t<div class=\"e-con-inner\">\n\t\t\t\t<div class=\"elementor-element elementor-element-16c58a7 elementor-widget elementor-widget-text-editor\" data-id=\"16c58a7\" data-element_type=\"widget\" data-e-type=\"widget\" data-widget_type=\"text-editor.default\">\n\t\t\t\t<div class=\"elementor-widget-container\">\n\t\t\t\t\t\t\t\t\t<h3><strong>Entretien r\u00e9gulier ou ponctuel<\/strong><\/h3>\n<p>Prestations organis\u00e9es selon la fr\u00e9quence souhait\u00e9e, pour un entretien courant ou un besoin ponctuel.<\/p>\t\t\t\t\t\t\t\t<\/div>\n\t\t\t\t<\/div>\n\t\t\t\t\t<\/div>\n\t\t\t\t<\/div>\n\t\t<div class=\"elementor-element elementor-element-023c269 e-flex e-con-boxed e-con e-parent\" data-id=\"023c269\" data-element_type=\"container\" data-e-type=\"container\">\n\t\t\t\t\t<div class=\"e-con-inner\">\n\t\t<div class=\"elementor-element elementor-element-97903f2 e-grid e-con-full e-con e-child\" data-id=\"97903f2\" data-element_type=\"container\" data-e-type=\"container\">\n\t\t\t\t<div class=\"elementor-element elementor-element-21cf39b elementor-widget elementor-widget-text-editor\" data-id=\"21cf39b\" data-element_type=\"widget\" data-e-type=\"widget\" data-widget_type=\"text-editor.default\">\n\t\t\t\t<div class=\"elementor-widget-container\">\n\t\t\t\t\t\t\t\t\t<ul><li>Entretien planifi\u00e9 selon la fr\u00e9quence convenue<\/li><\/ul>\t\t\t\t\t\t\t\t<\/div>\n\t\t\t\t<\/div>\n\t\t\t\t<div class=\"elementor-element elementor-element-4590b92 elementor-widget elementor-widget-text-editor\" data-id=\"4590b92\" data-element_type=\"widget\" data-e-type=\"widget\" data-widget_type=\"text-editor.default\">\n\t\t\t\t<div class=\"elementor-widget-container\">\n\t\t\t\t\t\t\t\t\t<ul><li>Intervention ponctuelle selon les besoins<\/li><\/ul>\t\t\t\t\t\t\t\t<\/div>\n\t\t\t\t<\/div>\n\t\t\t\t<div class=\"elementor-element elementor-element-fec8b1c elementor-widget elementor-widget-text-editor\" data-id=\"fec8b1c\" data-element_type=\"widget\" data-e-type=\"widget\" data-widget_type=\"text-editor.default\">\n\t\t\t\t<div class=\"elementor-widget-container\">\n\t\t\t\t\t\t\t\t\t<ul><li>Organisation adapt\u00e9e aux horaires et \u00e0 la fr\u00e9quentation<\/li><\/ul>\t\t\t\t\t\t\t\t<\/div>\n\t\t\t\t<\/div>\n\t\t\t\t<\/div>\n\t\t\t\t\t<\/div>\n\t\t\t\t<\/div>\n\t\t\t\t<section class=\"elementor-section elementor-top-section elementor-element elementor-element-4f78534 elementor-section-full_width elementor-section-height-default elementor-section-height-default\" data-id=\"4f78534\" data-element_type=\"section\" data-e-type=\"section\">\n\t\t\t\t\t\t<div class=\"elementor-container elementor-column-gap-no\">\n\t\t\t\t\t<div class=\"elementor-column elementor-col-100 elementor-top-column elementor-element elementor-element-787375c\" data-id=\"787375c\" data-element_type=\"column\" data-e-type=\"column\">\n\t\t\t<div class=\"elementor-widget-wrap\">\n\t\t\t\t\t\t\t<\/div>\n\t\t<\/div>\n\t\t\t\t\t<\/div>\n\t\t<\/section>\n\t\t\t\t<section class=\"elementor-section elementor-top-section elementor-element elementor-element-ba229b8 elementor-section-full_width elementor-section-height-default elementor-section-height-default\" data-id=\"ba229b8\" data-element_type=\"section\" data-e-type=\"section\">\n\t\t\t\t\t\t<div class=\"elementor-container elementor-column-gap-no\">\n\t\t\t\t\t<div class=\"elementor-column elementor-col-100 elementor-top-column elementor-element elementor-element-965daaf\" data-id=\"965daaf\" data-element_type=\"column\" data-e-type=\"column\">\n\t\t\t<div class=\"elementor-widget-wrap elementor-element-populated\">\n\t\t\t\t\t\t<div class=\"elementor-element elementor-element-07868e5 elementor-widget elementor-widget-counter_box_cleaning_service\" data-id=\"07868e5\" data-element_type=\"widget\" data-e-type=\"widget\" data-widget_type=\"counter_box_cleaning_service.default\">\n\t\t\t\t<div class=\"elementor-widget-container\">\n\t\t\t\t\t    <div class=\"block fullwidth-bg inset-lg-1 bg-cover js-bg-parallax insert-110\">\n            <div class=\"container\">\n                   <div class=\"row counter-row\">\n                        <div class=\"col-xs-6 col-sm-3\">\n                                    <div class=\"counter-item\">\n                        <div class=\"counter-item-icon\"><i aria-hidden=\"true\" class=\" icon-user-rating\"><\/i><\/div>\n                        <span class=\"counter-item-number number\"><span class=\"count\" data-to=\"1200\" data-speed=\"1000\">1200<\/span>+<\/span>\n                        <div class=\"counter-item-text\">Clients satisfaits<\/div>\n                    <\/div>\n                                <\/div>\n                        <div class=\"col-xs-6 col-sm-3\">\n                                    <div class=\"counter-item\">\n                        <div class=\"counter-item-icon\"><i aria-hidden=\"true\" class=\" icon-award\"><\/i><\/div>\n                        <span class=\"counter-item-number number\"><span class=\"count\" data-to=\"100\" data-speed=\"1000\">100<\/span>%<\/span>\n                        <div class=\"counter-item-text\">Garantie de service<\/div>\n                    <\/div>\n                                <\/div>\n                        <div class=\"col-xs-6 col-sm-3\">\n                                    <div class=\"counter-item\">\n                        <div class=\"counter-item-icon\"><i aria-hidden=\"true\" class=\" icon-648324users\"><\/i><\/div>\n                        <span class=\"counter-item-number number\"><span class=\"count\" data-to=\"20\" data-speed=\"1000\">20<\/span>+<\/span>\n                        <div class=\"counter-item-text\">Agents de Propret\u00e9<\/div>\n                    <\/div>\n                                <\/div>\n                        <div class=\"col-xs-6 col-sm-3\">\n                                    <div class=\"counter-item\">\n                        <div class=\"counter-item-icon\"><i aria-hidden=\"true\" class=\" icon-cleaning\"><\/i><\/div>\n                        <span class=\"counter-item-number number\"><span class=\"count\" data-to=\"1000\" data-speed=\"1000\">1000<\/span>+<\/span>\n                        <div class=\"counter-item-text\">Nettoyages techniques<\/div>\n                    <\/div>\n                                <\/div>\n             \n            <\/div>\n        <\/div>\n    <\/div>\n \t\t\t\t<\/div>\n\t\t\t\t<\/div>\n\t\t\t\t<div class=\"elementor-element elementor-element-3c5bb41 elementor-widget elementor-widget-customer_choose_us\" data-id=\"3c5bb41\" data-element_type=\"widget\" data-e-type=\"widget\" data-widget_type=\"customer_choose_us.default\">\n\t\t\t\t<div class=\"elementor-widget-container\">\n\t\t\t\t\t      <div class=\"block\">\n            <div class=\"container\">\n                <div class=\"row row-revert-xs\">\n                    <div class=\"col-sm-5 col-md-5 col-lg-6\">\n                        <img decoding=\"async\" src=\"https:\/\/hygiethik.fr\/wp-content\/uploads\/2021\/08\/index-img-1.jpg\" class=\"img-responsive visible-lg visible-md hidden-sm visible-xs\" alt=\"\" loading=\"lazy\" title=\"\">\n                        <img decoding=\"async\" src=\"https:\/\/hygiethik.fr\/wp-content\/uploads\/2021\/08\/index-img-1-mobile.jpg\" class=\"img-responsive hidden-lg hidden-md hidden-xs visible-sm\" alt=\"\" loading=\"lazy\" title=\"\">\n                    <\/div>\n                    <div class=\"divider-xl visible-xs\"><\/div>\n                    <div class=\"col-sm-7 col-md-7 col-lg-6\">\n                                        <h2 class=\"heading_test\">\n                    <h2>Une prestation adapt\u00e9e <span class=\"color\">aux espaces collectifs<\/span><\/h2>                <\/h2>\n                        <p class=\"p-lg\">HYGIETHIK adapte ses interventions \u00e0 la configuration, \u00e0 la fr\u00e9quentation et aux contraintes des b\u00e2timents et espaces collectifs.\t\t\t                        <\/p>\n                         \n                            <div class=\"marker-box \">\n                                <div class=\"marker-box-marker\"><\/div>\n                                <h4 class=\"marker-box-title\">Entretien des espaces communs<\/h4>\n                                <p><\/p>\n                            <\/div> \n                             \n                            <div class=\"marker-box \">\n                                <div class=\"marker-box-marker\"><\/div>\n                                <h4 class=\"marker-box-title\">Organisation adapt\u00e9e au site<\/h4>\n                                <p><\/p>\n                            <\/div> \n                             \n                            <div class=\"marker-box hidden-md\">\n                                <div class=\"marker-box-marker\"><\/div>\n                                <h4 class=\"marker-box-title\">Sols, surfaces et vitrages<\/h4>\n                                <p><\/p>\n                            <\/div> \n                                                <\/div>\n                <\/div>\n            <\/div>\n        <\/div>\n\t\t\t\t<\/div>\n\t\t\t\t<\/div>\n\t\t\t\t\t<\/div>\n\t\t<\/div>\n\t\t\t\t\t<\/div>\n\t\t<\/section>\n\t\t\t\t<section class=\"elementor-section elementor-top-section elementor-element elementor-element-ea5caba elementor-section-full_width elementor-section-height-default elementor-section-height-default\" data-id=\"ea5caba\" data-element_type=\"section\" data-e-type=\"section\">\n\t\t\t\t\t\t<div class=\"elementor-container elementor-column-gap-no\">\n\t\t\t\t\t<div class=\"elementor-column elementor-col-100 elementor-top-column elementor-element elementor-element-a472b23\" data-id=\"a472b23\" data-element_type=\"column\" data-e-type=\"column\">\n\t\t\t<div class=\"elementor-widget-wrap elementor-element-populated\">\n\t\t\t\t\t\t<div class=\"elementor-element elementor-element-30ead0f elementor-widget elementor-widget-cleaning_service_gallery\" data-id=\"30ead0f\" data-element_type=\"widget\" data-e-type=\"widget\" data-widget_type=\"cleaning_service_gallery.default\">\n\t\t\t\t<div class=\"elementor-widget-container\">\n\t\t\t\t\t    <div class=\"block fullwidth-bg block-bg-grey\">\n\t\t<div class=\"container\">\n            <div class=\"row service-house-row\">\n                <div class=\"col-lg-5 inset-pad\">\n                    <h2><h2>\n  Pourquoi choisir <span class=\"color\">HYGIETHIK<\/span> pour le nettoyage des collectivit\u00e9s ?\n<\/h2><\/h2>\n\t\t\t\t\t<h5><p><strong>Une organisation adapt\u00e9e aux besoins de vos espaces collectifs<\/strong><\/p><\/h5>\n                    <div class=\"divider-sm\"><\/div>\n                    <div>\n  <p><strong>\u2022 Expertise adapt\u00e9e :<\/strong> HYGIETHIK organise ses interventions en fonction de la configuration des locaux, de leur fr\u00e9quentation et des besoins d\u2019entretien.<\/p>\n\n  <p><strong>\u2022 Organisation sur mesure :<\/strong> La fr\u00e9quence et les modalit\u00e9s d\u2019intervention sont d\u00e9finies selon les usages et les contraintes du site.<\/p>\n\n  <p><strong>\u2022 Entretien r\u00e9gulier ou ponctuel :<\/strong> Les prestations peuvent \u00eatre adapt\u00e9es \u00e0 un besoin r\u00e9current comme \u00e0 une intervention ponctuelle.<\/p>\n\n  <p><strong>\u2022 Proximit\u00e9 et suivi :<\/strong> Bas\u00e9e \u00e0 Saverne, HYGIETHIK accompagne les collectivit\u00e9s et structures locales avec un interlocuteur de proximit\u00e9.<\/p>\n<\/div>                    <a href=\"https:\/\/hygiethik.fr\/index.php\/contact-hygiethik\/\"    class=\"btn btn-lg animation animated tada\" data-animation=\"tada\"><i class=\"icon-calc\"><\/i>Contacter<\/a>\n                                    <\/div>\n                <div class=\"col-lg-7\">\n                    <div class=\"service-house-wrap\">\n                        <div class=\"service-house\">\n                             \n                                <a href=\"#\"    class=\"service-house-item\">\n                                <img loading=\"lazy\" decoding=\"async\" width=\"694\" height=\"662\" src=\"https:\/\/hygiethik.fr\/wp-content\/uploads\/2021\/08\/index-right-img.png\" class=\"attachment-full size-full\" alt=\"\" srcset=\"https:\/\/hygiethik.fr\/wp-content\/uploads\/2021\/08\/index-right-img.png 694w, https:\/\/hygiethik.fr\/wp-content\/uploads\/2021\/08\/index-right-img-300x286.png 300w, https:\/\/hygiethik.fr\/wp-content\/uploads\/2021\/08\/index-right-img-506x483.png 506w\" sizes=\"(max-width: 694px) 100vw, 694px\" title=\"\">                                                                            <span class=\"service-house-item-title\">Expertise d\u00e9di\u00e9e<\/span>\n                                                                    <\/a>\n                             \n                                <a href=\"\"    class=\"service-house-item\">\n                                <img loading=\"lazy\" decoding=\"async\" width=\"569\" height=\"488\" src=\"https:\/\/hygiethik.fr\/wp-content\/uploads\/2021\/08\/index-img-2.jpg\" class=\"attachment-full size-full\" alt=\"Produits de nettoyage Naturels\" srcset=\"https:\/\/hygiethik.fr\/wp-content\/uploads\/2021\/08\/index-img-2.jpg 569w, https:\/\/hygiethik.fr\/wp-content\/uploads\/2021\/08\/index-img-2-300x257.jpg 300w, https:\/\/hygiethik.fr\/wp-content\/uploads\/2021\/08\/index-img-2-563x483.jpg 563w\" sizes=\"(max-width: 569px) 100vw, 569px\" title=\"\">                                                                            <span class=\"service-house-item-title\">Engagement environnemental <\/span>\n                                                                    <\/a>\n                             \n                                <a href=\"#\"    class=\"service-house-item\">\n                                <img loading=\"lazy\" decoding=\"async\" width=\"870\" height=\"500\" src=\"https:\/\/hygiethik.fr\/wp-content\/uploads\/2021\/08\/service-page-1-img.jpg\" class=\"attachment-full size-full\" alt=\"\" srcset=\"https:\/\/hygiethik.fr\/wp-content\/uploads\/2021\/08\/service-page-1-img.jpg 870w, https:\/\/hygiethik.fr\/wp-content\/uploads\/2021\/08\/service-page-1-img-300x172.jpg 300w, https:\/\/hygiethik.fr\/wp-content\/uploads\/2021\/08\/service-page-1-img-768x441.jpg 768w, https:\/\/hygiethik.fr\/wp-content\/uploads\/2021\/08\/service-page-1-img-840x483.jpg 840w\" sizes=\"(max-width: 870px) 100vw, 870px\" title=\"\">                                                                            <span class=\"service-house-item-title\">Flexibilit\u00e9 et r\u00e9activit\u00e9<\/span>\n                                                                    <\/a>\n                             \n                                <a href=\"#\"    class=\"service-house-item\">\n                                <img loading=\"lazy\" decoding=\"async\" width=\"870\" height=\"500\" src=\"https:\/\/hygiethik.fr\/wp-content\/uploads\/2021\/08\/service-page-4-img.jpg\" class=\"attachment-full size-full\" alt=\"Qualit\u00e9 garantie\" srcset=\"https:\/\/hygiethik.fr\/wp-content\/uploads\/2021\/08\/service-page-4-img.jpg 870w, https:\/\/hygiethik.fr\/wp-content\/uploads\/2021\/08\/service-page-4-img-300x172.jpg 300w, https:\/\/hygiethik.fr\/wp-content\/uploads\/2021\/08\/service-page-4-img-768x441.jpg 768w, https:\/\/hygiethik.fr\/wp-content\/uploads\/2021\/08\/service-page-4-img-840x483.jpg 840w\" sizes=\"(max-width: 870px) 100vw, 870px\" title=\"\">                                                                            <span class=\"service-house-item-title\">Qualit\u00e9 garantie <\/span>\n                                                                    <\/a>\n                                                    <\/div>\n                    <\/div>\n                <\/div>\n            <\/div>\n        <\/div>\n    <\/div>\n\t\t\t\t<\/div>\n\t\t\t\t<\/div>\n\t\t\t\t\t<\/div>\n\t\t<\/div>\n\t\t\t\t\t<\/div>\n\t\t<\/section>\n\t\t<div class=\"elementor-element elementor-element-77ed4d58 e-flex e-con-boxed e-con e-parent\" data-id=\"77ed4d58\" data-element_type=\"container\" data-e-type=\"container\" data-settings=\"{&quot;background_background&quot;:&quot;classic&quot;}\">\n\t\t\t\t\t<div class=\"e-con-inner\">\n\t\t<div class=\"elementor-element elementor-element-30a5d8fa e-con-full e-flex e-con e-child\" data-id=\"30a5d8fa\" data-element_type=\"container\" data-e-type=\"container\">\n\t\t\t\t<div class=\"elementor-element elementor-element-148e5a8d elementor-widget elementor-widget-heading\" data-id=\"148e5a8d\" data-element_type=\"widget\" data-e-type=\"widget\" data-widget_type=\"heading.default\">\n\t\t\t\t<div class=\"elementor-widget-container\">\n\t\t\t\t\t<h2 class=\"elementor-heading-title elementor-size-default\"><h2 style=\"font-size:34px;line-height:1.20;font-weight:700;color:#3E5666;margin:0\">\n  Contactez-nous pour <span style=\"color:#4BA0E8\">un devis personnalis\u00e9<\/span>\n<\/h2><\/h2>\t\t\t\t<\/div>\n\t\t\t\t<\/div>\n\t\t\t\t<div class=\"elementor-element elementor-element-75f425e elementor-widget elementor-widget-text-editor\" data-id=\"75f425e\" data-element_type=\"widget\" data-e-type=\"widget\" data-widget_type=\"text-editor.default\">\n\t\t\t\t<div class=\"elementor-widget-container\">\n\t\t\t\t\t\t\t\t\t<div style=\"display: flex; align-items: flex-start; gap: 14px; max-width: 760px; margin: 0;\">\n  <div style=\"flex: 0 0 20px; padding-top: 4px;\">\n    <img decoding=\"async\" style=\"display: block; width: 20px; height: auto;\" src=\"https:\/\/hygiethik.fr\/wp-content\/uploads\/2026\/09\/feuille-hygiethik-originale.png\" alt=\"\" title=\"\">\n  <\/div>\n\n  <div style=\"color: #4f6674; font-size: 17px; line-height: 1.6;\">\n    <p style=\"margin: 0 0 9px 0; font-size: 17px; font-weight: bold; color: #3e5666;\">\n      Vous recherchez une entreprise de nettoyage pour une collectivit\u00e9 \u00e0 Saverne et alentours ?\n    <\/p>\n\n    <p style=\"margin: 0;\">\n      HYGIETHIK vous propose une prestation adapt\u00e9e \u00e0 vos locaux, \u00e0 leur fr\u00e9quentation et \u00e0 vos besoins d\u2019entretien. Contactez-nous pour d\u00e9finir ensemble le type d\u2019intervention et la fr\u00e9quence souhait\u00e9s.\n    <\/p>\n  <\/div>\n<\/div>\t\t\t\t\t\t\t\t<\/div>\n\t\t\t\t<\/div>\n\t\t\t\t<\/div>\n\t\t<div class=\"elementor-element elementor-element-5cf55d8e e-con-full e-flex e-con e-child\" data-id=\"5cf55d8e\" data-element_type=\"container\" data-e-type=\"container\">\n\t\t\t\t<div class=\"elementor-element elementor-element-177d2604 elementor-widget elementor-widget-button\" data-id=\"177d2604\" data-element_type=\"widget\" data-e-type=\"widget\" data-widget_type=\"button.default\">\n\t\t\t\t<div class=\"elementor-widget-container\">\n\t\t\t\t\t\t\t\t\t<div class=\"elementor-button-wrapper\">\n\t\t\t\t\t<a class=\"elementor-button elementor-button-link elementor-size-sm\" href=\"https:\/\/hygiethik.fr\/index.php\/contact\">\n\t\t\t\t\t\t<span class=\"elementor-button-content-wrapper\">\n\t\t\t\t\t\t\t\t\t<span class=\"elementor-button-text\">Demander un devis<\/span>\n\t\t\t\t\t<\/span>\n\t\t\t\t\t<\/a>\n\t\t\t\t<\/div>\n\t\t\t\t\t\t\t\t<\/div>\n\t\t\t\t<\/div>\n\t\t\t\t<\/div>\n\t\t\t\t\t<\/div>\n\t\t\t\t<\/div>\n\t\t\t\t<\/div>\n\t\t","protected":false},"excerpt":{"rendered":"<p>COLLECTIVIT\u00c9S &amp; COMMUNES Nettoyage des collectivit\u00e9s et communes \u00e0 Saverne et alentours HYGIETHIK intervient pour le nettoyage des collectivit\u00e9s \u00e0 Saverne et alentours, avec des prestations adapt\u00e9es aux b\u00e2timents publics, aux espaces collectifs et \u00e0 leur fr\u00e9quentation. Demander un devis Nos prestations de nettoyage des collectivit\u00e9s \u00e0 Saverne B\u00e2timents administratifs Entretien des bureaux, espaces d\u2019accueil, [&hellip;]<\/p>\n","protected":false},"author":1,"featured_media":0,"parent":0,"menu_order":0,"comment_status":"closed","ping_status":"closed","template":"","meta":{"footnotes":""},"class_list":["post-1973","page","type-page","status-publish","hentry"],"_links":{"self":[{"href":"https:\/\/hygiethik.fr\/index.php\/wp-json\/wp\/v2\/pages\/1973","targetHints":{"allow":["GET"]}}],"collection":[{"href":"https:\/\/hygiethik.fr\/index.php\/wp-json\/wp\/v2\/pages"}],"about":[{"href":"https:\/\/hygiethik.fr\/index.php\/wp-json\/wp\/v2\/types\/page"}],"author":[{"embeddable":true,"href":"https:\/\/hygiethik.fr\/index.php\/wp-json\/wp\/v2\/users\/1"}],"replies":[{"embeddable":true,"href":"https:\/\/hygiethik.fr\/index.php\/wp-json\/wp\/v2\/comments?post=1973"}],"version-history":[{"count":54,"href":"https:\/\/hygiethik.fr\/index.php\/wp-json\/wp\/v2\/pages\/1973\/revisions"}],"predecessor-version":[{"id":2775,"href":"https:\/\/hygiethik.fr\/index.php\/wp-json\/wp\/v2\/pages\/1973\/revisions\/2775"}],"wp:attachment":[{"href":"https:\/\/hygiethik.fr\/index.php\/wp-json\/wp\/v2\/media?parent=1973"}],"curies":[{"name":"wp","href":"https:\/\/api.w.org\/{rel}","templated":true}]}}