{"id":1971,"date":"2024-12-29T18:30:11","date_gmt":"2024-12-29T17:30:11","guid":{"rendered":"https:\/\/hygiethik.fr\/?page_id=1971"},"modified":"2026-09-04T15:25:31","modified_gmt":"2026-09-04T13:25:31","slug":"nettoyage-de-facades-et-vitres","status":"publish","type":"page","link":"https:\/\/hygiethik.fr\/index.php\/nettoyage-de-facades-et-vitres\/","title":{"rendered":"Nettoyage De Fa\u00e7ades et Vitres"},"content":{"rendered":"\t\t<div data-elementor-type=\"wp-page\" data-elementor-id=\"1971\" class=\"elementor elementor-1971\">\n\t\t\t\t<div class=\"elementor-element elementor-element-420af71 e-flex e-con-boxed e-con e-parent\" data-id=\"420af71\" data-element_type=\"container\" data-e-type=\"container\">\n\t\t\t\t\t<div class=\"e-con-inner\">\n\t\t<div class=\"elementor-element elementor-element-61982b2 e-con-full e-flex e-con e-child\" data-id=\"61982b2\" data-element_type=\"container\" data-e-type=\"container\">\n\t\t\t\t<div class=\"elementor-element elementor-element-fb38a64 elementor-widget elementor-widget-heading\" data-id=\"fb38a64\" data-element_type=\"widget\" data-e-type=\"widget\" data-widget_type=\"heading.default\">\n\t\t\t\t<div class=\"elementor-widget-container\">\n\t\t\t\t\t<span class=\"elementor-heading-title elementor-size-default\">PROFESSIONNELS &amp; PARTICULIERS<\/span>\t\t\t\t<\/div>\n\t\t\t\t<\/div>\n\t\t\t\t<div class=\"elementor-element elementor-element-2bc9cfe elementor-widget elementor-widget-heading\" data-id=\"2bc9cfe\" data-element_type=\"widget\" data-e-type=\"widget\" data-widget_type=\"heading.default\">\n\t\t\t\t<div class=\"elementor-widget-container\">\n\t\t\t\t\t<h1 class=\"elementor-heading-title elementor-size-default\">Nettoyage de vitres \u00e0 Saverne pour particuliers et professionnels<\/h1>\t\t\t\t<\/div>\n\t\t\t\t<\/div>\n\t\t\t\t<div class=\"elementor-element elementor-element-8cb11b6 elementor-widget elementor-widget-text-editor\" data-id=\"8cb11b6\" data-element_type=\"widget\" data-e-type=\"widget\" data-widget_type=\"text-editor.default\">\n\t\t\t\t<div class=\"elementor-widget-container\">\n\t\t\t\t\t\t\t\t\t<p>HYGIETHIK intervient \u00e0 Saverne et alentours pour le nettoyage de vitres des particuliers, commerces, bureaux et copropri\u00e9t\u00e9s. Les prestations sont adapt\u00e9es au type de vitrage, \u00e0 l\u2019acc\u00e8s et \u00e0 la fr\u00e9quence souhait\u00e9e.<\/p>\t\t\t\t\t\t\t\t<\/div>\n\t\t\t\t<\/div>\n\t\t\t\t<div class=\"elementor-element elementor-element-a169c91 elementor-widget elementor-widget-button\" data-id=\"a169c91\" data-element_type=\"widget\" data-e-type=\"widget\" data-widget_type=\"button.default\">\n\t\t\t\t<div class=\"elementor-widget-container\">\n\t\t\t\t\t\t\t\t\t<div class=\"elementor-button-wrapper\">\n\t\t\t\t\t<a class=\"elementor-button elementor-button-link elementor-size-sm\" href=\"https:\/\/hygiethik.fr\/index.php\/contact-hygiethik\/\">\n\t\t\t\t\t\t<span class=\"elementor-button-content-wrapper\">\n\t\t\t\t\t\t\t\t\t<span class=\"elementor-button-text\">Demander un devis<\/span>\n\t\t\t\t\t<\/span>\n\t\t\t\t\t<\/a>\n\t\t\t\t<\/div>\n\t\t\t\t\t\t\t\t<\/div>\n\t\t\t\t<\/div>\n\t\t\t\t<\/div>\n\t\t<div class=\"elementor-element elementor-element-9c0621a e-con-full e-flex e-con e-child\" data-id=\"9c0621a\" data-element_type=\"container\" data-e-type=\"container\">\n\t\t\t\t<div class=\"elementor-element elementor-element-fdff7d1 elementor-widget elementor-widget-image\" data-id=\"fdff7d1\" data-element_type=\"widget\" data-e-type=\"widget\" data-widget_type=\"image.default\">\n\t\t\t\t<div class=\"elementor-widget-container\">\n\t\t\t\t\t\t\t\t\t\t\t\t\t\t\t<img fetchpriority=\"high\" decoding=\"async\" width=\"640\" height=\"427\" src=\"https:\/\/hygiethik.fr\/wp-content\/uploads\/2026\/09\/nettoyage-vitres-hygiethik-saverne-1024x683.webp\" class=\"attachment-large size-large wp-image-2539\" alt=\"Agent HYGIETHIK nettoyant une baie vitr\u00e9e \u00e0 Saverne\" srcset=\"https:\/\/hygiethik.fr\/wp-content\/uploads\/2026\/09\/nettoyage-vitres-hygiethik-saverne-1024x683.webp 1024w, https:\/\/hygiethik.fr\/wp-content\/uploads\/2026\/09\/nettoyage-vitres-hygiethik-saverne-300x200.webp 300w, https:\/\/hygiethik.fr\/wp-content\/uploads\/2026\/09\/nettoyage-vitres-hygiethik-saverne-768x512.webp 768w, https:\/\/hygiethik.fr\/wp-content\/uploads\/2026\/09\/nettoyage-vitres-hygiethik-saverne-725x483.webp 725w, https:\/\/hygiethik.fr\/wp-content\/uploads\/2026\/09\/nettoyage-vitres-hygiethik-saverne.webp 1200w\" sizes=\"(max-width: 640px) 100vw, 640px\" title=\"\">\t\t\t\t\t\t\t\t\t\t\t\t\t\t\t<\/div>\n\t\t\t\t<\/div>\n\t\t\t\t<\/div>\n\t\t\t\t\t<\/div>\n\t\t\t\t<\/div>\n\t\t<div class=\"elementor-element elementor-element-773a17d e-flex e-con-boxed e-con e-parent\" data-id=\"773a17d\" data-element_type=\"container\" data-e-type=\"container\">\n\t\t\t\t\t<div class=\"e-con-inner\">\n\t\t\t\t<div class=\"elementor-element elementor-element-bfef3df elementor-widget elementor-widget-heading\" data-id=\"bfef3df\" data-element_type=\"widget\" data-e-type=\"widget\" data-widget_type=\"heading.default\">\n\t\t\t\t<div class=\"elementor-widget-container\">\n\t\t\t\t\t<h2 class=\"elementor-heading-title elementor-size-default\">Des prestations de vitrerie adapt\u00e9es \u00e0 chaque besoin<\/h2>\t\t\t\t<\/div>\n\t\t\t\t<\/div>\n\t\t<div class=\"elementor-element elementor-element-621ec8a e-con-full e-flex e-con e-child\" data-id=\"621ec8a\" data-element_type=\"container\" data-e-type=\"container\">\n\t\t<div class=\"elementor-element elementor-element-3a775ec e-con-full e-flex e-con e-child\" data-id=\"3a775ec\" data-element_type=\"container\" data-e-type=\"container\" data-settings=\"{&quot;background_background&quot;:&quot;classic&quot;}\">\n\t\t\t\t<div class=\"elementor-element elementor-element-e0c9fc2 elementor-view-default elementor-widget elementor-widget-icon\" data-id=\"e0c9fc2\" data-element_type=\"widget\" data-e-type=\"widget\" data-widget_type=\"icon.default\">\n\t\t\t\t<div class=\"elementor-widget-container\">\n\t\t\t\t\t\t\t<div class=\"elementor-icon-wrapper\">\n\t\t\t<div class=\"elementor-icon\">\n\t\t\t<svg aria-hidden=\"true\" class=\"e-font-icon-svg e-fas-home\" viewBox=\"0 0 576 512\" xmlns=\"http:\/\/www.w3.org\/2000\/svg\"><path d=\"M280.37 148.26L96 300.11V464a16 16 0 0 0 16 16l112.06-.29a16 16 0 0 0 15.92-16V368a16 16 0 0 1 16-16h64a16 16 0 0 1 16 16v95.64a16 16 0 0 0 16 16.05L464 480a16 16 0 0 0 16-16V300L295.67 148.26a12.19 12.19 0 0 0-15.3 0zM571.6 251.47L488 182.56V44.05a12 12 0 0 0-12-12h-56a12 12 0 0 0-12 12v72.61L318.47 43a48 48 0 0 0-61 0L4.34 251.47a12 12 0 0 0-1.6 16.9l25.5 31A12 12 0 0 0 45.15 301l235.22-193.74a12.19 12.19 0 0 1 15.3 0L530.9 301a12 12 0 0 0 16.9-1.6l25.5-31a12 12 0 0 0-1.7-16.93z\"><\/path><\/svg>\t\t\t<\/div>\n\t\t<\/div>\n\t\t\t\t\t\t<\/div>\n\t\t\t\t<\/div>\n\t\t\t\t<div class=\"elementor-element elementor-element-a3f0e7f elementor-widget elementor-widget-heading\" data-id=\"a3f0e7f\" data-element_type=\"widget\" data-e-type=\"widget\" data-widget_type=\"heading.default\">\n\t\t\t\t<div class=\"elementor-widget-container\">\n\t\t\t\t\t<h3 class=\"elementor-heading-title elementor-size-default\">Particuliers<\/h3>\t\t\t\t<\/div>\n\t\t\t\t<\/div>\n\t\t\t\t<div class=\"elementor-element elementor-element-3a37dc3 elementor-widget elementor-widget-text-editor\" data-id=\"3a37dc3\" data-element_type=\"widget\" data-e-type=\"widget\" data-widget_type=\"text-editor.default\">\n\t\t\t\t<div class=\"elementor-widget-container\">\n\t\t\t\t\t\t\t\t\t<div style=\"text-align:center; color:#5F7380; font-size:16px; line-height:1.55; margin:0 auto; max-width:255px;\">\n\n  <p style=\"margin:0 0 18px 0;\">\n    Fen\u00eatres, baies vitr\u00e9es et v\u00e9randas : une prestation adapt\u00e9e \u00e0 votre logement et \u00e0 vos surfaces vitr\u00e9es.\n  <\/p>\n\n  <div style=\"display:inline-block; text-align:left; color:#3E5666; font-size:15px; line-height:1.55;\">\n    \n    <div style=\"margin:0 0 6px 0;\">\n      <span style=\"color:#7DBE3C; font-weight:700; margin-right:8px;\">\u2713<\/span>Fen\u00eatres\n    <\/div>\n\n    <div style=\"margin:0 0 6px 0;\">\n      <span style=\"color:#7DBE3C; font-weight:700; margin-right:8px;\">\u2713<\/span>Baies vitr\u00e9es\n    <\/div>\n\n    <div style=\"margin:0;\">\n      <span style=\"color:#7DBE3C; font-weight:700; margin-right:8px;\">\u2713<\/span>V\u00e9randas\n    <\/div>\n\n  <\/div>\n\n<\/div>\t\t\t\t\t\t\t\t<\/div>\n\t\t\t\t<\/div>\n\t\t\t\t<\/div>\n\t\t<div class=\"elementor-element elementor-element-344d5d6 e-con-full e-flex e-con e-child\" data-id=\"344d5d6\" data-element_type=\"container\" data-e-type=\"container\" data-settings=\"{&quot;background_background&quot;:&quot;classic&quot;}\">\n\t\t\t\t<div class=\"elementor-element elementor-element-dd72344 elementor-view-default elementor-widget elementor-widget-icon\" data-id=\"dd72344\" data-element_type=\"widget\" data-e-type=\"widget\" data-widget_type=\"icon.default\">\n\t\t\t\t<div class=\"elementor-widget-container\">\n\t\t\t\t\t\t\t<div class=\"elementor-icon-wrapper\">\n\t\t\t<div class=\"elementor-icon\">\n\t\t\t<svg aria-hidden=\"true\" class=\"e-font-icon-svg e-fas-briefcase\" viewBox=\"0 0 512 512\" xmlns=\"http:\/\/www.w3.org\/2000\/svg\"><path d=\"M320 336c0 8.84-7.16 16-16 16h-96c-8.84 0-16-7.16-16-16v-48H0v144c0 25.6 22.4 48 48 48h416c25.6 0 48-22.4 48-48V288H320v48zm144-208h-80V80c0-25.6-22.4-48-48-48H176c-25.6 0-48 22.4-48 48v48H48c-25.6 0-48 22.4-48 48v80h512v-80c0-25.6-22.4-48-48-48zm-144 0H192V96h128v32z\"><\/path><\/svg>\t\t\t<\/div>\n\t\t<\/div>\n\t\t\t\t\t\t<\/div>\n\t\t\t\t<\/div>\n\t\t\t\t<div class=\"elementor-element elementor-element-79185ce elementor-widget elementor-widget-heading\" data-id=\"79185ce\" data-element_type=\"widget\" data-e-type=\"widget\" data-widget_type=\"heading.default\">\n\t\t\t\t<div class=\"elementor-widget-container\">\n\t\t\t\t\t<h3 class=\"elementor-heading-title elementor-size-default\">Professionnels<\/h3>\t\t\t\t<\/div>\n\t\t\t\t<\/div>\n\t\t\t\t<div class=\"elementor-element elementor-element-79a6b35 elementor-widget elementor-widget-text-editor\" data-id=\"79a6b35\" data-element_type=\"widget\" data-e-type=\"widget\" data-widget_type=\"text-editor.default\">\n\t\t\t\t<div class=\"elementor-widget-container\">\n\t\t\t\t\t\t\t\t\t<div style=\"text-align:center; color:#5F7380; font-size:16px; line-height:1.55; margin:0 auto; max-width:255px;\">\n\n  <p style=\"margin:0 0 18px 0;\">\n    Vitrines, bureaux et locaux professionnels : une prestation adapt\u00e9e \u00e0 vos surfaces vitr\u00e9es.\n  <\/p>\n\n  <div style=\"display:inline-block; text-align:left; color:#3E5666; font-size:15px; line-height:1.55;\">\n\n    <div style=\"margin:0 0 6px 0;\">\n      <span style=\"color:#7DBE3C; font-weight:700; margin-right:8px;\">\u2713<\/span>Vitrines\n    <\/div>\n\n    <div style=\"margin:0 0 6px 0;\">\n      <span style=\"color:#7DBE3C; font-weight:700; margin-right:8px;\">\u2713<\/span>Bureaux\n    <\/div>\n\n    <div style=\"margin:0;\">\n      <span style=\"color:#7DBE3C; font-weight:700; margin-right:8px;\">\u2713<\/span>Locaux professionnels\n    <\/div>\n\n  <\/div>\n\n<\/div>\t\t\t\t\t\t\t\t<\/div>\n\t\t\t\t<\/div>\n\t\t\t\t<\/div>\n\t\t<div class=\"elementor-element elementor-element-fba897c e-con-full e-flex e-con e-child\" data-id=\"fba897c\" data-element_type=\"container\" data-e-type=\"container\" data-settings=\"{&quot;background_background&quot;:&quot;classic&quot;}\">\n\t\t\t\t<div class=\"elementor-element elementor-element-29f469e elementor-view-default elementor-widget elementor-widget-icon\" data-id=\"29f469e\" data-element_type=\"widget\" data-e-type=\"widget\" data-widget_type=\"icon.default\">\n\t\t\t\t<div class=\"elementor-widget-container\">\n\t\t\t\t\t\t\t<div class=\"elementor-icon-wrapper\">\n\t\t\t<div class=\"elementor-icon\">\n\t\t\t<svg aria-hidden=\"true\" class=\"e-font-icon-svg e-far-building\" viewBox=\"0 0 448 512\" xmlns=\"http:\/\/www.w3.org\/2000\/svg\"><path d=\"M128 148v-40c0-6.6 5.4-12 12-12h40c6.6 0 12 5.4 12 12v40c0 6.6-5.4 12-12 12h-40c-6.6 0-12-5.4-12-12zm140 12h40c6.6 0 12-5.4 12-12v-40c0-6.6-5.4-12-12-12h-40c-6.6 0-12 5.4-12 12v40c0 6.6 5.4 12 12 12zm-128 96h40c6.6 0 12-5.4 12-12v-40c0-6.6-5.4-12-12-12h-40c-6.6 0-12 5.4-12 12v40c0 6.6 5.4 12 12 12zm128 0h40c6.6 0 12-5.4 12-12v-40c0-6.6-5.4-12-12-12h-40c-6.6 0-12 5.4-12 12v40c0 6.6 5.4 12 12 12zm-76 84v-40c0-6.6-5.4-12-12-12h-40c-6.6 0-12 5.4-12 12v40c0 6.6 5.4 12 12 12h40c6.6 0 12-5.4 12-12zm76 12h40c6.6 0 12-5.4 12-12v-40c0-6.6-5.4-12-12-12h-40c-6.6 0-12 5.4-12 12v40c0 6.6 5.4 12 12 12zm180 124v36H0v-36c0-6.6 5.4-12 12-12h19.5V24c0-13.3 10.7-24 24-24h337c13.3 0 24 10.7 24 24v440H436c6.6 0 12 5.4 12 12zM79.5 463H192v-67c0-6.6 5.4-12 12-12h40c6.6 0 12 5.4 12 12v67h112.5V49L80 48l-.5 415z\"><\/path><\/svg>\t\t\t<\/div>\n\t\t<\/div>\n\t\t\t\t\t\t<\/div>\n\t\t\t\t<\/div>\n\t\t\t\t<div class=\"elementor-element elementor-element-0d7752a elementor-widget elementor-widget-heading\" data-id=\"0d7752a\" data-element_type=\"widget\" data-e-type=\"widget\" data-widget_type=\"heading.default\">\n\t\t\t\t<div class=\"elementor-widget-container\">\n\t\t\t\t\t<h3 class=\"elementor-heading-title elementor-size-default\">Copropri\u00e9t\u00e9s &amp; immeubles<\/h3>\t\t\t\t<\/div>\n\t\t\t\t<\/div>\n\t\t\t\t<div class=\"elementor-element elementor-element-d79b55e elementor-widget elementor-widget-text-editor\" data-id=\"d79b55e\" data-element_type=\"widget\" data-e-type=\"widget\" data-widget_type=\"text-editor.default\">\n\t\t\t\t<div class=\"elementor-widget-container\">\n\t\t\t\t\t\t\t\t\t<div style=\"text-align:center; color:#5F7380; font-size:16px; line-height:1.55; margin:0 auto; max-width:255px;\">\n\n  <p style=\"margin:0 0 18px 0;\">\n    Halls, portes vitr\u00e9es et parties communes : un entretien adapt\u00e9 aux copropri\u00e9t\u00e9s et aux immeubles.\n  <\/p>\n\n  <div style=\"display:inline-block; text-align:left; color:#3E5666; font-size:15px; line-height:1.55;\">\n\n    <div style=\"margin:0 0 6px 0;\">\n      <span style=\"color:#7DBE3C; font-weight:700; margin-right:8px;\">\u2713<\/span>Halls vitr\u00e9s\n    <\/div>\n\n    <div style=\"margin:0 0 6px 0;\">\n      <span style=\"color:#7DBE3C; font-weight:700; margin-right:8px;\">\u2713<\/span>Portes vitr\u00e9es\n    <\/div>\n\n    <div style=\"margin:0;\">\n      <span style=\"color:#7DBE3C; font-weight:700; margin-right:8px;\">\u2713<\/span>Parties communes\n    <\/div>\n\n  <\/div>\n\n<\/div>\t\t\t\t\t\t\t\t<\/div>\n\t\t\t\t<\/div>\n\t\t\t\t<\/div>\n\t\t\t\t<\/div>\n\t\t\t\t\t<\/div>\n\t\t\t\t<\/div>\n\t\t<div class=\"elementor-element elementor-element-c4de9eb e-flex e-con-boxed e-con e-parent\" data-id=\"c4de9eb\" data-element_type=\"container\" data-e-type=\"container\">\n\t\t\t\t\t<div class=\"e-con-inner\">\n\t\t\t\t<div class=\"elementor-element elementor-element-7f298e4 elementor-widget elementor-widget-heading\" data-id=\"7f298e4\" data-element_type=\"widget\" data-e-type=\"widget\" data-widget_type=\"heading.default\">\n\t\t\t\t<div class=\"elementor-widget-container\">\n\t\t\t\t\t<h2 class=\"elementor-heading-title elementor-size-default\">Nos interventions de nettoyage de vitres \u00e0 Saverne<\/h2>\t\t\t\t<\/div>\n\t\t\t\t<\/div>\n\t\t\t\t<div class=\"elementor-element elementor-element-3dc3ea3 elementor-widget elementor-widget-text-editor\" data-id=\"3dc3ea3\" data-element_type=\"widget\" data-e-type=\"widget\" data-widget_type=\"text-editor.default\">\n\t\t\t\t<div class=\"elementor-widget-container\">\n\t\t\t\t\t\t\t\t\t<div style=\"max-width:760px; margin:0 auto 30px auto; text-align:left; color:#5F7380; font-size:16px; line-height:1.65;\">\n\n  <p style=\"margin:0;\">\n    HYGIETHIK r\u00e9alise le <strong style=\"color:#3E5666;\">nettoyage de vitres \u00e0 Saverne<\/strong> et alentours pour les particuliers, professionnels et copropri\u00e9t\u00e9s. Fen\u00eatres, baies vitr\u00e9es, vitrines ou parties communes : chaque intervention est adapt\u00e9e au type de vitrage, \u00e0 l\u2019acc\u00e8s et \u00e0 la fr\u00e9quence souhait\u00e9e, pour une prestation efficace et soign\u00e9e.\n  <\/p>\n\n<\/div>\t\t\t\t\t\t\t\t<\/div>\n\t\t\t\t<\/div>\n\t\t<div class=\"elementor-element elementor-element-1706f66 e-con-full e-flex e-con e-child\" data-id=\"1706f66\" data-element_type=\"container\" data-e-type=\"container\">\n\t\t<div class=\"elementor-element elementor-element-c2ffcec e-con-full e-flex e-con e-child\" data-id=\"c2ffcec\" data-element_type=\"container\" data-e-type=\"container\">\n\t\t\t\t<div class=\"elementor-element elementor-element-18ad840 elementor-widget elementor-widget-image\" data-id=\"18ad840\" data-element_type=\"widget\" data-e-type=\"widget\" data-widget_type=\"image.default\">\n\t\t\t\t<div class=\"elementor-widget-container\">\n\t\t\t\t\t\t\t\t\t\t\t\t\t\t\t<img decoding=\"async\" width=\"640\" height=\"480\" src=\"https:\/\/hygiethik.fr\/wp-content\/uploads\/2026\/09\/nettoyage-vitres-hygiethik-particuliers-saverne-1024x768.webp\" class=\"attachment-large size-large wp-image-2563\" alt=\"Agente HYGIETHIK nettoyant une fen\u00eatre chez un particulier \u00e0 Saverne\" srcset=\"https:\/\/hygiethik.fr\/wp-content\/uploads\/2026\/09\/nettoyage-vitres-hygiethik-particuliers-saverne-1024x768.webp 1024w, https:\/\/hygiethik.fr\/wp-content\/uploads\/2026\/09\/nettoyage-vitres-hygiethik-particuliers-saverne-300x225.webp 300w, https:\/\/hygiethik.fr\/wp-content\/uploads\/2026\/09\/nettoyage-vitres-hygiethik-particuliers-saverne-768x576.webp 768w, https:\/\/hygiethik.fr\/wp-content\/uploads\/2026\/09\/nettoyage-vitres-hygiethik-particuliers-saverne-644x483.webp 644w, https:\/\/hygiethik.fr\/wp-content\/uploads\/2026\/09\/nettoyage-vitres-hygiethik-particuliers-saverne.webp 1200w\" sizes=\"(max-width: 640px) 100vw, 640px\" title=\"\">\t\t\t\t\t\t\t\t\t\t\t\t\t\t\t<\/div>\n\t\t\t\t<\/div>\n\t\t\t\t<\/div>\n\t\t<div class=\"elementor-element elementor-element-4fbf6aa e-con-full e-flex e-con e-child\" data-id=\"4fbf6aa\" data-element_type=\"container\" data-e-type=\"container\">\n\t\t\t\t<div class=\"elementor-element elementor-element-e2af192 elementor-widget elementor-widget-heading\" data-id=\"e2af192\" data-element_type=\"widget\" data-e-type=\"widget\" data-widget_type=\"heading.default\">\n\t\t\t\t<div class=\"elementor-widget-container\">\n\t\t\t\t\t<h3 class=\"elementor-heading-title elementor-size-default\">Vitres de maisons, appartements et v\u00e9randas<\/h3>\t\t\t\t<\/div>\n\t\t\t\t<\/div>\n\t\t\t\t<div class=\"elementor-element elementor-element-22873e1 elementor-widget elementor-widget-text-editor\" data-id=\"22873e1\" data-element_type=\"widget\" data-e-type=\"widget\" data-widget_type=\"text-editor.default\">\n\t\t\t\t<div class=\"elementor-widget-container\">\n\t\t\t\t\t\t\t\t\t<div style=\"color:#5F7380; font-size:16px; line-height:1.6;\">\n\n  <p style=\"margin:0 0 20px 0;\">\n    HYGIETHIK intervient pour le nettoyage de vos fen\u00eatres, baies vitr\u00e9es et v\u00e9randas, selon vos besoins et la configuration de votre logement.\n  <\/p>\n\n  <div style=\"color:#3E5666; font-size:15px; line-height:1.65;\">\n\n    <div style=\"margin-bottom:7px;\">\n      <span style=\"color:#7DBE3C; font-weight:700; margin-right:8px;\">\u2713<\/span>\n      Fen\u00eatres et baies vitr\u00e9es\n    <\/div>\n\n    <div style=\"margin-bottom:7px;\">\n      <span style=\"color:#7DBE3C; font-weight:700; margin-right:8px;\">\u2713<\/span>\n      V\u00e9randas et grandes surfaces vitr\u00e9es\n    <\/div>\n\n    <div>\n      <span style=\"color:#7DBE3C; font-weight:700; margin-right:8px;\">\u2713<\/span>\n      Intervention ponctuelle ou r\u00e9guli\u00e8re\n    <\/div>\n\n  <\/div>\n\n<\/div>\t\t\t\t\t\t\t\t<\/div>\n\t\t\t\t<\/div>\n\t\t\t\t<\/div>\n\t\t\t\t<\/div>\n\t\t<div class=\"elementor-element elementor-element-adf563c e-con-full e-flex e-con e-child\" data-id=\"adf563c\" data-element_type=\"container\" data-e-type=\"container\">\n\t\t<div class=\"elementor-element elementor-element-6ef5f60 e-con-full e-flex e-con e-child\" data-id=\"6ef5f60\" data-element_type=\"container\" data-e-type=\"container\">\n\t\t\t\t<div class=\"elementor-element elementor-element-d96cf6d elementor-widget elementor-widget-image\" data-id=\"d96cf6d\" data-element_type=\"widget\" data-e-type=\"widget\" data-widget_type=\"image.default\">\n\t\t\t\t<div class=\"elementor-widget-container\">\n\t\t\t\t\t\t\t\t\t\t\t\t\t\t\t<img decoding=\"async\" width=\"640\" height=\"481\" src=\"https:\/\/hygiethik.fr\/wp-content\/uploads\/2026\/09\/hygiethik-vitrine-professionnels-saverne-logo-valide-1024x769.webp\" class=\"attachment-large size-large wp-image-2589\" alt=\"Agente HYGIETHIK nettoyant une vitrine professionnelle \u00e0 Saverne\" srcset=\"https:\/\/hygiethik.fr\/wp-content\/uploads\/2026\/09\/hygiethik-vitrine-professionnels-saverne-logo-valide-1024x769.webp 1024w, https:\/\/hygiethik.fr\/wp-content\/uploads\/2026\/09\/hygiethik-vitrine-professionnels-saverne-logo-valide-300x225.webp 300w, https:\/\/hygiethik.fr\/wp-content\/uploads\/2026\/09\/hygiethik-vitrine-professionnels-saverne-logo-valide-768x577.webp 768w, https:\/\/hygiethik.fr\/wp-content\/uploads\/2026\/09\/hygiethik-vitrine-professionnels-saverne-logo-valide-643x483.webp 643w, https:\/\/hygiethik.fr\/wp-content\/uploads\/2026\/09\/hygiethik-vitrine-professionnels-saverne-logo-valide.webp 1200w\" sizes=\"(max-width: 640px) 100vw, 640px\" title=\"\">\t\t\t\t\t\t\t\t\t\t\t\t\t\t\t<\/div>\n\t\t\t\t<\/div>\n\t\t\t\t<\/div>\n\t\t<div class=\"elementor-element elementor-element-6fa21db e-con-full e-flex e-con e-child\" data-id=\"6fa21db\" data-element_type=\"container\" data-e-type=\"container\">\n\t\t\t\t<div class=\"elementor-element elementor-element-07f097e elementor-widget elementor-widget-heading\" data-id=\"07f097e\" data-element_type=\"widget\" data-e-type=\"widget\" data-widget_type=\"heading.default\">\n\t\t\t\t<div class=\"elementor-widget-container\">\n\t\t\t\t\t<h3 class=\"elementor-heading-title elementor-size-default\">Vitrines, bureaux et locaux professionnels<\/h3>\t\t\t\t<\/div>\n\t\t\t\t<\/div>\n\t\t\t\t<div class=\"elementor-element elementor-element-af2620f elementor-widget elementor-widget-text-editor\" data-id=\"af2620f\" data-element_type=\"widget\" data-e-type=\"widget\" data-widget_type=\"text-editor.default\">\n\t\t\t\t<div class=\"elementor-widget-container\">\n\t\t\t\t\t\t\t\t\t<div style=\"color:#5F7380; font-size:16px; line-height:1.6;\">\n\n  <p style=\"margin:0 0 20px 0;\">\n    HYGIETHIK intervient pour le nettoyage des vitrines, bureaux et locaux professionnels, avec des prestations adapt\u00e9es \u00e0 votre activit\u00e9 et \u00e0 vos surfaces vitr\u00e9es.\n  <\/p>\n\n  <div style=\"color:#3E5666; font-size:15px; line-height:1.65;\">\n\n    <div style=\"margin-bottom:7px;\">\n      <span style=\"color:#7DBE3C; font-weight:700; margin-right:8px;\">\u2713<\/span>\n      Vitrines et devantures\n    <\/div>\n\n    <div style=\"margin-bottom:7px;\">\n      <span style=\"color:#7DBE3C; font-weight:700; margin-right:8px;\">\u2713<\/span>\n      Bureaux et locaux professionnels\n    <\/div>\n\n    <div>\n      <span style=\"color:#7DBE3C; font-weight:700; margin-right:8px;\">\u2713<\/span>\n      Intervention ponctuelle ou r\u00e9guli\u00e8re\n    <\/div>\n\n  <\/div>\n\n<\/div>\t\t\t\t\t\t\t\t<\/div>\n\t\t\t\t<\/div>\n\t\t\t\t<\/div>\n\t\t\t\t<\/div>\n\t\t<div class=\"elementor-element elementor-element-f7a45b0 e-con-full e-flex e-con e-child\" data-id=\"f7a45b0\" data-element_type=\"container\" data-e-type=\"container\">\n\t\t<div class=\"elementor-element elementor-element-84cc8a0 e-con-full e-flex e-con e-child\" data-id=\"84cc8a0\" data-element_type=\"container\" data-e-type=\"container\">\n\t\t\t\t<div class=\"elementor-element elementor-element-d53741e elementor-widget elementor-widget-image\" data-id=\"d53741e\" data-element_type=\"widget\" data-e-type=\"widget\" data-widget_type=\"image.default\">\n\t\t\t\t<div class=\"elementor-widget-container\">\n\t\t\t\t\t\t\t\t\t\t\t\t\t\t\t<img loading=\"lazy\" decoding=\"async\" width=\"640\" height=\"480\" src=\"https:\/\/hygiethik.fr\/wp-content\/uploads\/2026\/09\/nettoyage-vitres-hygiethik-copropriete-saverne-1024x768.webp\" class=\"attachment-large size-large wp-image-2584\" alt=\"Agent HYGIETHIK nettoyant la porte vitr\u00e9e d\u2019une copropri\u00e9t\u00e9 \u00e0 Saverne\" srcset=\"https:\/\/hygiethik.fr\/wp-content\/uploads\/2026\/09\/nettoyage-vitres-hygiethik-copropriete-saverne-1024x768.webp 1024w, https:\/\/hygiethik.fr\/wp-content\/uploads\/2026\/09\/nettoyage-vitres-hygiethik-copropriete-saverne-300x225.webp 300w, https:\/\/hygiethik.fr\/wp-content\/uploads\/2026\/09\/nettoyage-vitres-hygiethik-copropriete-saverne-768x576.webp 768w, https:\/\/hygiethik.fr\/wp-content\/uploads\/2026\/09\/nettoyage-vitres-hygiethik-copropriete-saverne-644x483.webp 644w, https:\/\/hygiethik.fr\/wp-content\/uploads\/2026\/09\/nettoyage-vitres-hygiethik-copropriete-saverne.webp 1200w\" sizes=\"(max-width: 640px) 100vw, 640px\" title=\"\">\t\t\t\t\t\t\t\t\t\t\t\t\t\t\t<\/div>\n\t\t\t\t<\/div>\n\t\t\t\t<\/div>\n\t\t<div class=\"elementor-element elementor-element-784a026 e-con-full e-flex e-con e-child\" data-id=\"784a026\" data-element_type=\"container\" data-e-type=\"container\">\n\t\t\t\t<div class=\"elementor-element elementor-element-b2fc1fe elementor-widget elementor-widget-heading\" data-id=\"b2fc1fe\" data-element_type=\"widget\" data-e-type=\"widget\" data-widget_type=\"heading.default\">\n\t\t\t\t<div class=\"elementor-widget-container\">\n\t\t\t\t\t<h3 class=\"elementor-heading-title elementor-size-default\">Vitres de copropri\u00e9t\u00e9s et parties communes<\/h3>\t\t\t\t<\/div>\n\t\t\t\t<\/div>\n\t\t\t\t<div class=\"elementor-element elementor-element-5d73039 elementor-widget elementor-widget-text-editor\" data-id=\"5d73039\" data-element_type=\"widget\" data-e-type=\"widget\" data-widget_type=\"text-editor.default\">\n\t\t\t\t<div class=\"elementor-widget-container\">\n\t\t\t\t\t\t\t\t\t<div style=\"color:#5F7380; font-size:16px; line-height:1.6;\">\n\n  <p style=\"margin:0 0 20px 0;\">\n    HYGIETHIK intervient pour le nettoyage des surfaces vitr\u00e9es de copropri\u00e9t\u00e9s et d\u2019immeubles, avec des prestations adapt\u00e9es aux parties communes et aux acc\u00e8s du b\u00e2timent.\n  <\/p>\n\n  <div style=\"color:#3E5666; font-size:15px; line-height:1.65;\">\n\n    <div style=\"margin-bottom:7px;\">\n      <span style=\"color:#7DBE3C; font-weight:700; margin-right:8px;\">\u2713<\/span>\n      Halls et portes vitr\u00e9es\n    <\/div>\n\n    <div style=\"margin-bottom:7px;\">\n      <span style=\"color:#7DBE3C; font-weight:700; margin-right:8px;\">\u2713<\/span>\n      Parties communes vitr\u00e9es\n    <\/div>\n\n    <div>\n      <span style=\"color:#7DBE3C; font-weight:700; margin-right:8px;\">\u2713<\/span>\n      Intervention ponctuelle ou r\u00e9guli\u00e8re\n    <\/div>\n\n  <\/div>\n\n<\/div>\t\t\t\t\t\t\t\t<\/div>\n\t\t\t\t<\/div>\n\t\t\t\t<\/div>\n\t\t\t\t<\/div>\n\t\t\t\t\t<\/div>\n\t\t\t\t<\/div>\n\t\t<div class=\"elementor-element elementor-element-76c7c84 e-flex e-con-boxed e-con e-parent\" data-id=\"76c7c84\" data-element_type=\"container\" data-e-type=\"container\">\n\t\t\t\t\t<div class=\"e-con-inner\">\n\t\t\t\t<div class=\"elementor-element elementor-element-42fcaeb elementor-widget elementor-widget-heading\" data-id=\"42fcaeb\" data-element_type=\"widget\" data-e-type=\"widget\" data-widget_type=\"heading.default\">\n\t\t\t\t<div class=\"elementor-widget-container\">\n\t\t\t\t\t<h2 class=\"elementor-heading-title elementor-size-default\">Nettoyage de fa\u00e7ades \u00e0 Saverne et alentours<\/h2>\t\t\t\t<\/div>\n\t\t\t\t<\/div>\n\t\t\t\t<div class=\"elementor-element elementor-element-1a720c5 elementor-widget elementor-widget-text-editor\" data-id=\"1a720c5\" data-element_type=\"widget\" data-e-type=\"widget\" data-widget_type=\"text-editor.default\">\n\t\t\t\t<div class=\"elementor-widget-container\">\n\t\t\t\t\t\t\t\t\t<div style=\"max-width:780px; margin:0 auto; text-align:center; color:#5F7380; font-size:17px; line-height:1.6;\">\n  HYGIETHIK intervient \u00e0 Saverne et alentours pour redonner un aspect propre et entretenu aux fa\u00e7ades, avec des prestations adapt\u00e9es aux diff\u00e9rents types de b\u00e2timents.\n<\/div>\t\t\t\t\t\t\t\t<\/div>\n\t\t\t\t<\/div>\n\t\t<div class=\"elementor-element elementor-element-88df2a0 e-con-full e-flex e-con e-child\" data-id=\"88df2a0\" data-element_type=\"container\" data-e-type=\"container\">\n\t\t<div class=\"elementor-element elementor-element-975ccec e-con-full e-flex e-con e-child\" data-id=\"975ccec\" data-element_type=\"container\" data-e-type=\"container\">\n\t\t\t\t<div class=\"elementor-element elementor-element-8a16d06 elementor-widget elementor-widget-image\" data-id=\"8a16d06\" data-element_type=\"widget\" data-e-type=\"widget\" data-widget_type=\"image.default\">\n\t\t\t\t<div class=\"elementor-widget-container\">\n\t\t\t\t\t\t\t\t\t\t\t\t\t\t\t<img loading=\"lazy\" decoding=\"async\" width=\"640\" height=\"480\" src=\"https:\/\/hygiethik.fr\/wp-content\/uploads\/2026\/09\/nettoyage-facade-hygiethik-saverne-1024x768.webp\" class=\"attachment-large size-large wp-image-2598\" alt=\"Agent HYGIETHIK nettoyant une fa\u00e7ade \u00e0 Saverne\" srcset=\"https:\/\/hygiethik.fr\/wp-content\/uploads\/2026\/09\/nettoyage-facade-hygiethik-saverne-1024x768.webp 1024w, https:\/\/hygiethik.fr\/wp-content\/uploads\/2026\/09\/nettoyage-facade-hygiethik-saverne-300x225.webp 300w, https:\/\/hygiethik.fr\/wp-content\/uploads\/2026\/09\/nettoyage-facade-hygiethik-saverne-768x576.webp 768w, https:\/\/hygiethik.fr\/wp-content\/uploads\/2026\/09\/nettoyage-facade-hygiethik-saverne-644x483.webp 644w, https:\/\/hygiethik.fr\/wp-content\/uploads\/2026\/09\/nettoyage-facade-hygiethik-saverne.webp 1448w\" sizes=\"(max-width: 640px) 100vw, 640px\" title=\"\">\t\t\t\t\t\t\t\t\t\t\t\t\t\t\t<\/div>\n\t\t\t\t<\/div>\n\t\t\t\t<\/div>\n\t\t<div class=\"elementor-element elementor-element-b224a8f e-con-full e-flex e-con e-child\" data-id=\"b224a8f\" data-element_type=\"container\" data-e-type=\"container\">\n\t\t\t\t<div class=\"elementor-element elementor-element-916234c elementor-widget elementor-widget-image\" data-id=\"916234c\" data-element_type=\"widget\" data-e-type=\"widget\" data-widget_type=\"image.default\">\n\t\t\t\t<div class=\"elementor-widget-container\">\n\t\t\t\t\t\t\t\t\t\t\t\t\t\t\t<img loading=\"lazy\" decoding=\"async\" width=\"640\" height=\"427\" src=\"https:\/\/hygiethik.fr\/wp-content\/uploads\/2026\/09\/nettoyage-facade-professionnelle-hygiethik-saverne-1024x683.webp\" class=\"attachment-large size-large wp-image-2602\" alt=\"Agent HYGIETHIK nettoyant une fa\u00e7ade professionnelle \u00e0 Saverne\" srcset=\"https:\/\/hygiethik.fr\/wp-content\/uploads\/2026\/09\/nettoyage-facade-professionnelle-hygiethik-saverne-1024x683.webp 1024w, https:\/\/hygiethik.fr\/wp-content\/uploads\/2026\/09\/nettoyage-facade-professionnelle-hygiethik-saverne-300x200.webp 300w, https:\/\/hygiethik.fr\/wp-content\/uploads\/2026\/09\/nettoyage-facade-professionnelle-hygiethik-saverne-768x512.webp 768w, https:\/\/hygiethik.fr\/wp-content\/uploads\/2026\/09\/nettoyage-facade-professionnelle-hygiethik-saverne-725x483.webp 725w, https:\/\/hygiethik.fr\/wp-content\/uploads\/2026\/09\/nettoyage-facade-professionnelle-hygiethik-saverne.webp 1200w\" sizes=\"(max-width: 640px) 100vw, 640px\" title=\"\">\t\t\t\t\t\t\t\t\t\t\t\t\t\t\t<\/div>\n\t\t\t\t<\/div>\n\t\t\t\t<\/div>\n\t\t\t\t<\/div>\n\t\t<div class=\"elementor-element elementor-element-dbba77c e-con-full e-flex e-con e-child\" data-id=\"dbba77c\" data-element_type=\"container\" data-e-type=\"container\">\n\t\t\t\t<div class=\"elementor-element elementor-element-592a1b3 elementor-widget elementor-widget-heading\" data-id=\"592a1b3\" data-element_type=\"widget\" data-e-type=\"widget\" data-widget_type=\"heading.default\">\n\t\t\t\t<div class=\"elementor-widget-container\">\n\t\t\t\t\t<h3 class=\"elementor-heading-title elementor-size-default\">Une intervention adapt\u00e9e \u00e0 chaque fa\u00e7ade<\/h3>\t\t\t\t<\/div>\n\t\t\t\t<\/div>\n\t\t\t\t<div class=\"elementor-element elementor-element-f4c3dc1 elementor-widget elementor-widget-text-editor\" data-id=\"f4c3dc1\" data-element_type=\"widget\" data-e-type=\"widget\" data-widget_type=\"text-editor.default\">\n\t\t\t\t<div class=\"elementor-widget-container\">\n\t\t\t\t\t\t\t\t\t<div style=\"max-width:860px; margin:0 auto; text-align:center; color:#5F7380; font-size:16px; line-height:1.65;\">\n\n  <p style=\"margin:0 0 20px 0;\">\n    Chaque fa\u00e7ade n\u00e9cessite une approche adapt\u00e9e \u00e0 son mat\u00e9riau, \u00e0 son \u00e9tat et \u00e0 son environnement. HYGIETHIK choisit la m\u00e9thode d\u2019intervention en fonction du support afin d\u2019assurer un nettoyage efficace tout en respectant les surfaces.\n  <\/p>\n\n  <div style=\"display:inline-block; text-align:left; color:#3E5666; font-size:15px; line-height:1.7;\">\n\n    <div style=\"margin-bottom:7px;\">\n      <span style=\"color:#7DBE3C; font-weight:700; margin-right:8px;\">\u2713<\/span>\n      Enduits, cr\u00e9pis, bardages et surfaces ext\u00e9rieures\n    <\/div>\n\n    <div style=\"margin-bottom:7px;\">\n      <span style=\"color:#7DBE3C; font-weight:700; margin-right:8px;\">\u2713<\/span>\n      M\u00e9thode adapt\u00e9e \u00e0 l\u2019\u00e9tat et \u00e0 la nature du support\n    <\/div>\n\n    <div>\n      <span style=\"color:#7DBE3C; font-weight:700; margin-right:8px;\">\u2713<\/span>\n      Maisons, copropri\u00e9t\u00e9s et b\u00e2timents professionnels\n    <\/div>\n\n  <\/div>\n\n<\/div>\t\t\t\t\t\t\t\t<\/div>\n\t\t\t\t<\/div>\n\t\t\t\t<\/div>\n\t\t\t\t\t<\/div>\n\t\t\t\t<\/div>\n\t\t<div class=\"elementor-element elementor-element-615fd78 e-flex e-con-boxed e-con e-parent\" data-id=\"615fd78\" data-element_type=\"container\" data-e-type=\"container\" data-settings=\"{&quot;background_background&quot;:&quot;classic&quot;}\">\n\t\t\t\t\t<div class=\"e-con-inner\">\n\t\t<div class=\"elementor-element elementor-element-970b63d e-con-full e-flex e-con e-child\" data-id=\"970b63d\" data-element_type=\"container\" data-e-type=\"container\">\n\t\t\t\t<div class=\"elementor-element elementor-element-8c52601 elementor-widget elementor-widget-heading\" data-id=\"8c52601\" data-element_type=\"widget\" data-e-type=\"widget\" data-widget_type=\"heading.default\">\n\t\t\t\t<div class=\"elementor-widget-container\">\n\t\t\t\t\t<h2 class=\"elementor-heading-title elementor-size-default\"><h2 style=\"font-size:32px;line-height:1.20;font-weight:700;color:#3E5666;margin:0\">\n  Contactez-nous pour <span style=\"color:#4BA0E8\">un devis personnalis\u00e9<\/span>\n<\/h2><\/h2>\t\t\t\t<\/div>\n\t\t\t\t<\/div>\n\t\t\t\t<div class=\"elementor-element elementor-element-b58340e elementor-widget elementor-widget-text-editor\" data-id=\"b58340e\" data-element_type=\"widget\" data-e-type=\"widget\" data-widget_type=\"text-editor.default\">\n\t\t\t\t<div class=\"elementor-widget-container\">\n\t\t\t\t\t\t\t\t\t<div style=\"display: flex; align-items: flex-start; gap: 14px; max-width: 760px; margin: 0;\">\n<div style=\"flex: 0 0 20px; padding-top: 4px;\"><img decoding=\"async\" style=\"display: block; width: 20px; height: auto;\" src=\"https:\/\/hygiethik.fr\/wp-content\/uploads\/2026\/09\/feuille-hygiethik-originale.png\" alt=\"\" title=\"\"><\/div>\n<div style=\"color: #4f6674; font-size: 18px; line-height: 1.6;\">\n<p style=\"margin: 0 0 9px 0; font-size: 18px; font-weight: bold; color: #3e5666;\">Vous recherchez une entreprise de nettoyage professionnel \u00e0 Saverne et alentours ?<\/p>\n<p style=\"margin: 0;\">HYGIETHIK vous propose des solutions sur mesure pour le nettoyage de vos vitres, vitrines et fa\u00e7ades, adapt\u00e9es \u00e0 votre b\u00e2timent et \u00e0 vos besoins sp\u00e9cifiques. Contactez-nous d\u00e8s aujourd\u2019hui pour obtenir un devis gratuit et personnalis\u00e9.<\/p>\n\n<\/div>\n<\/div>\t\t\t\t\t\t\t\t<\/div>\n\t\t\t\t<\/div>\n\t\t\t\t<\/div>\n\t\t<div class=\"elementor-element elementor-element-e48a97f e-con-full e-flex e-con e-child\" data-id=\"e48a97f\" data-element_type=\"container\" data-e-type=\"container\">\n\t\t\t\t<div class=\"elementor-element elementor-element-945fa56 elementor-widget elementor-widget-button\" data-id=\"945fa56\" data-element_type=\"widget\" data-e-type=\"widget\" data-widget_type=\"button.default\">\n\t\t\t\t<div class=\"elementor-widget-container\">\n\t\t\t\t\t\t\t\t\t<div class=\"elementor-button-wrapper\">\n\t\t\t\t\t<a class=\"elementor-button elementor-button-link elementor-size-sm\" href=\"https:\/\/hygiethik.fr\/index.php\/contact\">\n\t\t\t\t\t\t<span class=\"elementor-button-content-wrapper\">\n\t\t\t\t\t\t\t\t\t<span class=\"elementor-button-text\">Demander un devis<\/span>\n\t\t\t\t\t<\/span>\n\t\t\t\t\t<\/a>\n\t\t\t\t<\/div>\n\t\t\t\t\t\t\t\t<\/div>\n\t\t\t\t<\/div>\n\t\t\t\t<\/div>\n\t\t\t\t\t<\/div>\n\t\t\t\t<\/div>\n\t\t\t\t<\/div>\n\t\t","protected":false},"excerpt":{"rendered":"<p>PROFESSIONNELS &amp; PARTICULIERS Nettoyage de vitres \u00e0 Saverne pour particuliers et professionnels HYGIETHIK intervient \u00e0 Saverne et alentours pour le nettoyage de vitres des particuliers, commerces, bureaux et copropri\u00e9t\u00e9s. Les prestations sont adapt\u00e9es au type de vitrage, \u00e0 l\u2019acc\u00e8s et \u00e0 la fr\u00e9quence souhait\u00e9e. Demander un devis Des prestations de vitrerie adapt\u00e9es \u00e0 chaque besoin [&hellip;]<\/p>\n","protected":false},"author":1,"featured_media":0,"parent":0,"menu_order":0,"comment_status":"closed","ping_status":"closed","template":"","meta":{"footnotes":""},"class_list":["post-1971","page","type-page","status-publish","hentry"],"_links":{"self":[{"href":"https:\/\/hygiethik.fr\/index.php\/wp-json\/wp\/v2\/pages\/1971","targetHints":{"allow":["GET"]}}],"collection":[{"href":"https:\/\/hygiethik.fr\/index.php\/wp-json\/wp\/v2\/pages"}],"about":[{"href":"https:\/\/hygiethik.fr\/index.php\/wp-json\/wp\/v2\/types\/page"}],"author":[{"embeddable":true,"href":"https:\/\/hygiethik.fr\/index.php\/wp-json\/wp\/v2\/users\/1"}],"replies":[{"embeddable":true,"href":"https:\/\/hygiethik.fr\/index.php\/wp-json\/wp\/v2\/comments?post=1971"}],"version-history":[{"count":195,"href":"https:\/\/hygiethik.fr\/index.php\/wp-json\/wp\/v2\/pages\/1971\/revisions"}],"predecessor-version":[{"id":2744,"href":"https:\/\/hygiethik.fr\/index.php\/wp-json\/wp\/v2\/pages\/1971\/revisions\/2744"}],"wp:attachment":[{"href":"https:\/\/hygiethik.fr\/index.php\/wp-json\/wp\/v2\/media?parent=1971"}],"curies":[{"name":"wp","href":"https:\/\/api.w.org\/{rel}","templated":true}]}}