{"id":1450,"date":"2024-12-30T03:36:48","date_gmt":"2024-12-30T02:36:48","guid":{"rendered":"https:\/\/smartdata.tonytemplates.com\/cleaning-service-v3\/?page_id=30"},"modified":"2026-09-04T16:21:41","modified_gmt":"2026-09-04T14:21:41","slug":"qui-somes-nous","status":"publish","type":"page","link":"https:\/\/hygiethik.fr\/index.php\/qui-somes-nous\/","title":{"rendered":"Qui somes nous"},"content":{"rendered":"\t\t<div data-elementor-type=\"wp-page\" data-elementor-id=\"1450\" class=\"elementor elementor-1450\">\n\t\t\t\t\t\t<section class=\"elementor-section elementor-top-section elementor-element elementor-element-dd8232f elementor-section-full_width elementor-section-height-default elementor-section-height-default\" data-id=\"dd8232f\" data-element_type=\"section\" data-e-type=\"section\">\n\t\t\t\t\t\t<div class=\"elementor-container elementor-column-gap-no\">\n\t\t\t\t\t<div class=\"elementor-column elementor-col-100 elementor-top-column elementor-element elementor-element-2ca0c65\" data-id=\"2ca0c65\" data-element_type=\"column\" data-e-type=\"column\">\n\t\t\t<div class=\"elementor-widget-wrap elementor-element-populated\">\n\t\t\t\t\t\t<div class=\"elementor-element elementor-element-635e692 elementor-widget elementor-widget-cleaning_about_company\" data-id=\"635e692\" data-element_type=\"widget\" data-e-type=\"widget\" data-widget_type=\"cleaning_about_company.default\">\n\t\t\t\t<div class=\"elementor-widget-container\">\n\t\t\t\t\t        <div class=\"block fullwidth no-pad cleaning-about-company\">\n            <div class=\"container\">\n                \t\t\t\t<h1 class=\"text-center h-decor\">\n\t\t\t\t\tHYGIEThik, entreprise de nettoyage \u00e0 Saverne\t\t\t\t<\/h1>\n\t\t\t                                 <div class=\"text-center max-700\">\n                    <p class=\"p-lg\"><p><strong>HYGIETHIK est une entreprise de nettoyage \u00e0 Saverne qui accompagne professionnels, collectivit\u00e9s, copropri\u00e9t\u00e9s et particuliers pour leurs besoins de nettoyage et d\u2019entretien.<\/strong><\/p> <\/p>\n                <\/div>\n                                <div class=\"divider\"><\/div>\n                <div class=\"row-flex-text\">\n                    <div class=\"col-50 bg-cover hide-bg-sm\" data-bg=\"https:\/\/hygiethik.fr\/wp-content\/uploads\/2024\/12\/hygiethik-bureaux-44.png\" style=\"background-image: url(https:\/\/hygiethik.fr\/wp-content\/uploads\/2024\/12\/hygiethik-bureaux-44.png);\">\n                        <div class=\"visible-sm visible-xs\"><img decoding=\"async\" src=\"https:\/\/hygiethik.fr\/wp-content\/uploads\/2024\/12\/hygiethik-bureaux-44.png\" class=\"img-fullwidth\" loading=\"lazy\" alt=\"About Us\" title=\"\"><\/div>\n                    <\/div>\n                    <div class=\"col-50 bg-text\">\n                        <div class=\"bg-text-inside\">\n                            <h4><h2>Plus de 10 ans d\u2019exp\u00e9rience dans les m\u00e9tiers de la propret\u00e9<\/h2><\/h4>\n                            <p>Implant\u00e9e \u00e0 Saverne, HYGIETHIK accompagne professionnels, collectivit\u00e9s, copropri\u00e9t\u00e9s et particuliers pour leurs besoins de nettoyage et d\u2019entretien.<\/p>\n\n<p>Notre exp\u00e9rience dans les m\u00e9tiers de la propret\u00e9 nous permet d\u2019adapter chaque intervention aux locaux, aux surfaces et aux besoins de nos clients, avec une organisation de proximit\u00e9 et un suivi personnalis\u00e9.<\/p>                        <\/div>\n                    <\/div>\n                <\/div>\n            <\/div>\n        <\/div>\n\t\t\t\t<\/div>\n\t\t\t\t<\/div>\n\t\t\t\t\t<\/div>\n\t\t<\/div>\n\t\t\t\t\t<\/div>\n\t\t<\/section>\n\t\t\t\t<section class=\"elementor-section elementor-top-section elementor-element elementor-element-401a522 elementor-section-full_width elementor-section-height-default elementor-section-height-default\" data-id=\"401a522\" data-element_type=\"section\" data-e-type=\"section\">\n\t\t\t\t\t\t<div class=\"elementor-container elementor-column-gap-no\">\n\t\t\t\t\t<div class=\"elementor-column elementor-col-100 elementor-top-column elementor-element elementor-element-d141854\" data-id=\"d141854\" data-element_type=\"column\" data-e-type=\"column\">\n\t\t\t<div class=\"elementor-widget-wrap elementor-element-populated\">\n\t\t\t\t\t\t<div class=\"elementor-element elementor-element-a02c8a6 elementor-widget elementor-widget-cleaning_icon_hor\" data-id=\"a02c8a6\" data-element_type=\"widget\" data-e-type=\"widget\" data-widget_type=\"cleaning_icon_hor.default\">\n\t\t\t\t<div class=\"elementor-widget-container\">\n\t\t\t\t\t \n        <div class=\"block\">\n            <div class=\"container\">\n                <div class=\"row \">\n                     \n                        <div class=\"col-sm-6 col-xs-12\">\n                                                            <div class=\"text-icon-hor\">\n                                    <div class=\"text-icon-hor-icon\">\n                                        <i aria-hidden=\"true\" class=\"icon  icon-brush-lined\"><\/i>                                    <\/div>\n                                    <div class=\"text-icon-hor-text\">\n                                        <h3>Notre mission<\/h3>\n                                        Chez HYGIETHIK, notre mission d\u00e9passe la simple prestation de nettoyage. Nous avons \u00e0 c\u0153ur de vous accompagner pour cr\u00e9er et maintenir des espaces o\u00f9 il fait bon travailler, vivre et recevoir. Notre r\u00f4le est de simplifier votre quotidien en prenant en charge toutes vos pr\u00e9occupations li\u00e9es \u00e0 la propret\u00e9, tout en vous garantissant un environnement sain, agr\u00e9able et s\u00e9curis\u00e9.                                            <a href=\"https:\/\/hygiethik.fr\/index.php\/contact-hygiethik\/\"    class=\"service-box-link\">nous contacter<\/a>\n                                                                            <\/div>\n                                <\/div>\n                                                    <\/div>  \n                        <div class=\"col-sm-6 col-xs-12\">\n                                                            <div class=\"text-icon-hor\">\n                                    <div class=\"text-icon-hor-icon\">\n                                        <i aria-hidden=\"true\" class=\"icon  icon-target-lined\"><\/i>                                    <\/div>\n                                    <div class=\"text-icon-hor-text\">\n                                        <h3>Notre vision<\/h3>\n                                        Nous croyons que la propret\u00e9 est bien plus qu\u2019un simple service : c\u2019est une mani\u00e8re de cr\u00e9er des environnements sains, productifs et agr\u00e9ables \u00e0 vivre. Notre objectif est d\u2019\u00eatre le partenaire de confiance des entreprises et des particuliers, en proposant des prestations de nettoyage de haute qualit\u00e9 adapt\u00e9es aux besoins de chacun.                                                                       <a href=\"https:\/\/hygiethik.fr\/index.php\/contact-hygiethik\/\"    class=\"service-box-link\">Nous contacter<\/a>\n                                                                            <\/div>\n                                <\/div>\n                                                    <\/div>                 <\/div>\n            <\/div>\n        <\/div>\n\t\t\t\t<\/div>\n\t\t\t\t<\/div>\n\t\t\t\t\t<\/div>\n\t\t<\/div>\n\t\t\t\t\t<\/div>\n\t\t<\/section>\n\t\t\t\t<section class=\"elementor-section elementor-top-section elementor-element elementor-element-a82bae2 elementor-section-full_width elementor-section-height-default elementor-section-height-default\" data-id=\"a82bae2\" data-element_type=\"section\" data-e-type=\"section\">\n\t\t\t\t\t\t<div class=\"elementor-container elementor-column-gap-no\">\n\t\t\t\t\t<div class=\"elementor-column elementor-col-100 elementor-top-column elementor-element elementor-element-c0a0b5c\" data-id=\"c0a0b5c\" data-element_type=\"column\" data-e-type=\"column\">\n\t\t\t<div class=\"elementor-widget-wrap elementor-element-populated\">\n\t\t\t\t\t\t<div class=\"elementor-element elementor-element-153330f elementor-widget elementor-widget-cleaning_our_values\" data-id=\"153330f\" data-element_type=\"widget\" data-e-type=\"widget\" data-widget_type=\"cleaning_our_values.default\">\n\t\t\t\t<div class=\"elementor-widget-container\">\n\t\t\t\t\t \n            <div class=\"block\">\n            <div class=\"container\">\n                \t\t\t\t<h2 class=\"text-center h-decor\">\n\t\t\t\t\tNos valeurs et nos engagements\t\t\t\t<\/h2>\n\t\t\t                <div class=\"text-center max-700\">\n                    <p class=\"p-lg\">HYGIETHIK privil\u00e9gie une organisation rigoureuse, des m\u00e9thodes adapt\u00e9es et une relation de proximit\u00e9 pour r\u00e9pondre aux besoins de chaque client.<\/p>\n                <\/div>\n                                <div class=\"divider\"><\/div>\n                <div class=\"row\">\n                    <div class=\"col-md-6\">\n                        <div class=\"text-center\">\n                            <img fetchpriority=\"high\" decoding=\"async\" width=\"567\" height=\"388\" src=\"https:\/\/hygiethik.fr\/wp-content\/uploads\/2024\/12\/hygiethik-nettoyage.png\" class=\"attachment-full size-full\" alt=\"Services de HYGIETHIK, entreprise de nettoyage \u00e0 Saverne\" srcset=\"https:\/\/hygiethik.fr\/wp-content\/uploads\/2024\/12\/hygiethik-nettoyage.png 567w, https:\/\/hygiethik.fr\/wp-content\/uploads\/2024\/12\/hygiethik-nettoyage-300x205.png 300w\" sizes=\"(max-width: 567px) 100vw, 567px\" title=\"\">                        <\/div>\n                    <\/div>\n                    <div class=\"divider-lg visible-sm visible-xs\"><\/div>\n                    <div class=\"col-md-6\">\n                         \n                            <div class=\"marker-box\">\n                                <div class=\"marker-box-marker\"><\/div>\n                                <h4 class=\"marker-box-title\">Professionnalisme<\/h4>\n                                <p>Chaque intervention est r\u00e9alis\u00e9e avec rigueur et attention, selon les besoins d\u00e9finis avec le client.<\/p>\n                            <\/div> \n                             \n                            <div class=\"marker-box\">\n                                <div class=\"marker-box-marker\"><\/div>\n                                <h4 class=\"marker-box-title\">\u00c9coute et r\u00e9activit\u00e9<\/h4>\n                                <p>Nous prenons en compte les besoins de chaque client afin d\u2019adapter l\u2019organisation et les prestations.<\/p>\n                            <\/div> \n                             \n                            <div class=\"marker-box\">\n                                <div class=\"marker-box-marker\"><\/div>\n                                <h4 class=\"marker-box-title\">Engagement durable<\/h4>\n                                <p>HYGIETHIK privil\u00e9gie des pratiques adapt\u00e9es et une utilisation raisonn\u00e9e des produits et du mat\u00e9riel selon les besoins de chaque intervention.<\/p>\n                            <\/div> \n                                                <\/div>\n                <\/div>\n            <\/div>\n        <\/div>\n        \t\t\t\t<\/div>\n\t\t\t\t<\/div>\n\t\t\t\t\t<\/div>\n\t\t<\/div>\n\t\t\t\t\t<\/div>\n\t\t<\/section>\n\t\t\t\t<section class=\"elementor-section elementor-top-section elementor-element elementor-element-f10e5c6 elementor-section-full_width elementor-section-height-default elementor-section-height-default\" data-id=\"f10e5c6\" data-element_type=\"section\" data-e-type=\"section\">\n\t\t\t\t\t\t<div class=\"elementor-container elementor-column-gap-no\">\n\t\t\t\t\t<div class=\"elementor-column elementor-col-100 elementor-top-column elementor-element elementor-element-3a49e7a\" data-id=\"3a49e7a\" data-element_type=\"column\" data-e-type=\"column\">\n\t\t\t<div class=\"elementor-widget-wrap elementor-element-populated\">\n\t\t\t\t\t\t<div class=\"elementor-element elementor-element-8d09908 elementor-widget elementor-widget-icon_carousel_box\" data-id=\"8d09908\" data-element_type=\"widget\" data-e-type=\"widget\" data-widget_type=\"icon_carousel_box.default\">\n\t\t\t\t<div class=\"elementor-widget-container\">\n\t\t\t\t\t        <div class=\"block\">\n            <div class=\"container\">\n                \t\t\t\t<h2 class=\"text-center h-lg h-decor\">\n\t\t\t\t\tPourquoi choisir notre entreprise de nettoyage \u00e0 Saverne ?\t\t\t\t<\/h2>\n\t\t\t                                <div class=\"text-center max-800\">\n                    <p class=\"p-lg\">Entreprise de proximit\u00e9 bas\u00e9e \u00e0 Saverne, HYGIETHIK accompagne ses clients avec une organisation adapt\u00e9e \u00e0 leurs besoins et \u00e0 la configuration de leurs locaux.<\/p>\n                <\/div>\n                                <div class=\"row text-icon-row style-2 \">\n                      \n                        <div class=\"col-md-4 col-sm-6 col-xs-12 text-icon\">\n                            <div class=\"text-icon-icon\">\n                                <i aria-hidden=\"true\" class=\"icon  icon-like-lined\"><\/i>                            <\/div>\n                            <h4 class=\"text-icon-title\">Une expertise polyvalente<\/h4><div class=\"text-icon-text\">Notre exp\u00e9rience dans les m\u00e9tiers de la propret\u00e9 nous permet d\u2019intervenir sur des besoins vari\u00e9s, aupr\u00e8s des professionnels comme des particuliers.<\/div>\n                        <\/div> \n                          \n                        <div class=\"col-md-4 col-sm-6 col-xs-12 text-icon\">\n                            <div class=\"text-icon-icon\">\n                                <i aria-hidden=\"true\" class=\"icon  icon-user-lined\"><\/i>                            <\/div>\n                            <h4 class=\"text-icon-title\">Une relation de proximit\u00e9<\/h4><div class=\"text-icon-text\">Bas\u00e9e \u00e0 Saverne, HYGIETHIK privil\u00e9gie l\u2019\u00e9coute, le suivi et une organisation adapt\u00e9e aux besoins de chaque client.\n<\/div>\n                        <\/div> \n                          \n                        <div class=\"col-md-4 col-sm-6 col-xs-12 text-icon\">\n                            <div class=\"text-icon-icon\">\n                                <i aria-hidden=\"true\" class=\"icon  icon-reward-lined\"><\/i>                            <\/div>\n                            <h4 class=\"text-icon-title\">Des prestations adapt\u00e9es<\/h4><div class=\"text-icon-text\">Chaque intervention est organis\u00e9e en fonction des locaux, des surfaces \u00e0 entretenir et de la fr\u00e9quence souhait\u00e9e.<\/div>\n                        <\/div> \n                                        <\/div>\n            <\/div>\n        <\/div>\n\t\t\t\t<\/div>\n\t\t\t\t<\/div>\n\t\t\t\t\t<\/div>\n\t\t<\/div>\n\t\t\t\t\t<\/div>\n\t\t<\/section>\n\t\t<div class=\"elementor-element elementor-element-6744aec6 e-flex e-con-boxed e-con e-parent\" data-id=\"6744aec6\" data-element_type=\"container\" data-e-type=\"container\" data-settings=\"{&quot;background_background&quot;:&quot;classic&quot;}\">\n\t\t\t\t\t<div class=\"e-con-inner\">\n\t\t<div class=\"elementor-element elementor-element-2598fa71 e-con-full e-flex e-con e-child\" data-id=\"2598fa71\" data-element_type=\"container\" data-e-type=\"container\">\n\t\t\t\t<div class=\"elementor-element elementor-element-3c129983 elementor-widget elementor-widget-heading\" data-id=\"3c129983\" data-element_type=\"widget\" data-e-type=\"widget\" data-widget_type=\"heading.default\">\n\t\t\t\t<div class=\"elementor-widget-container\">\n\t\t\t\t\t<h2 class=\"elementor-heading-title elementor-size-default\"><h2 style=\"font-size:34px;line-height:1.20;font-weight:700;color:#3E5666;margin:0\">\n  Parlons de <span style=\"color:#4BA0E8\">vos besoins de nettoyage<\/span>\n<\/h2><\/h2>\t\t\t\t<\/div>\n\t\t\t\t<\/div>\n\t\t\t\t<div class=\"elementor-element elementor-element-780b018f elementor-widget elementor-widget-text-editor\" data-id=\"780b018f\" data-element_type=\"widget\" data-e-type=\"widget\" data-widget_type=\"text-editor.default\">\n\t\t\t\t<div class=\"elementor-widget-container\">\n\t\t\t\t\t\t\t\t\t<div style=\"display: flex; align-items: flex-start; gap: 14px; max-width: 760px; margin: 0;\">\n  <div style=\"flex: 0 0 20px; padding-top: 4px;\">\n    <img decoding=\"async\" style=\"display: block; width: 20px; height: auto;\" src=\"https:\/\/hygiethik.fr\/wp-content\/uploads\/2026\/09\/feuille-hygiethik-originale.png\" alt=\"\" title=\"\">\n  <\/div>\n\n  <div style=\"color: #4f6674; font-size: 17px; line-height: 1.6;\">\n    <p style=\"margin: 0 0 9px 0; font-size: 17px; font-weight: bold; color: #3e5666;\">\n      Vous recherchez une entreprise de nettoyage \u00e0 Saverne et alentours ?\n    <\/p>\n\n    <p style=\"margin: 0;\">\n      HYGIETHIK vous accompagne avec des prestations adapt\u00e9es \u00e0 vos locaux, \u00e0 vos besoins et \u00e0 la fr\u00e9quence souhait\u00e9e. Contactez-nous pour \u00e9changer sur votre projet et obtenir une proposition personnalis\u00e9e.\n    <\/p>\n  <\/div>\n<\/div>\t\t\t\t\t\t\t\t<\/div>\n\t\t\t\t<\/div>\n\t\t\t\t<\/div>\n\t\t<div class=\"elementor-element elementor-element-6be9b496 e-con-full e-flex e-con e-child\" data-id=\"6be9b496\" data-element_type=\"container\" data-e-type=\"container\">\n\t\t\t\t<div class=\"elementor-element elementor-element-6282ea00 elementor-widget elementor-widget-button\" data-id=\"6282ea00\" data-element_type=\"widget\" data-e-type=\"widget\" data-widget_type=\"button.default\">\n\t\t\t\t<div class=\"elementor-widget-container\">\n\t\t\t\t\t\t\t\t\t<div class=\"elementor-button-wrapper\">\n\t\t\t\t\t<a class=\"elementor-button elementor-button-link elementor-size-sm\" href=\"https:\/\/hygiethik.fr\/index.php\/contact\">\n\t\t\t\t\t\t<span class=\"elementor-button-content-wrapper\">\n\t\t\t\t\t\t\t\t\t<span class=\"elementor-button-text\">Demander un devis<\/span>\n\t\t\t\t\t<\/span>\n\t\t\t\t\t<\/a>\n\t\t\t\t<\/div>\n\t\t\t\t\t\t\t\t<\/div>\n\t\t\t\t<\/div>\n\t\t\t\t<\/div>\n\t\t\t\t\t<\/div>\n\t\t\t\t<\/div>\n\t\t\t\t<\/div>\n\t\t","protected":false},"excerpt":{"rendered":"<p>HYGIEThik, entreprise de nettoyage \u00e0 Saverne HYGIETHIK est une entreprise de nettoyage \u00e0 Saverne qui accompagne professionnels, collectivit\u00e9s, copropri\u00e9t\u00e9s et particuliers pour leurs besoins de nettoyage et d\u2019entretien. Plus de 10 ans d\u2019exp\u00e9rience dans les m\u00e9tiers de la propret\u00e9 Implant\u00e9e \u00e0 Saverne, HYGIETHIK accompagne professionnels, collectivit\u00e9s, copropri\u00e9t\u00e9s et particuliers pour leurs besoins de nettoyage et [&hellip;]<\/p>\n","protected":false},"author":1,"featured_media":0,"parent":0,"menu_order":0,"comment_status":"closed","ping_status":"closed","template":"elementor_header_footer","meta":{"footnotes":""},"class_list":["post-1450","page","type-page","status-publish","hentry"],"_links":{"self":[{"href":"https:\/\/hygiethik.fr\/index.php\/wp-json\/wp\/v2\/pages\/1450","targetHints":{"allow":["GET"]}}],"collection":[{"href":"https:\/\/hygiethik.fr\/index.php\/wp-json\/wp\/v2\/pages"}],"about":[{"href":"https:\/\/hygiethik.fr\/index.php\/wp-json\/wp\/v2\/types\/page"}],"author":[{"embeddable":true,"href":"https:\/\/hygiethik.fr\/index.php\/wp-json\/wp\/v2\/users\/1"}],"replies":[{"embeddable":true,"href":"https:\/\/hygiethik.fr\/index.php\/wp-json\/wp\/v2\/comments?post=1450"}],"version-history":[{"count":74,"href":"https:\/\/hygiethik.fr\/index.php\/wp-json\/wp\/v2\/pages\/1450\/revisions"}],"predecessor-version":[{"id":2795,"href":"https:\/\/hygiethik.fr\/index.php\/wp-json\/wp\/v2\/pages\/1450\/revisions\/2795"}],"wp:attachment":[{"href":"https:\/\/hygiethik.fr\/index.php\/wp-json\/wp\/v2\/media?parent=1450"}],"curies":[{"name":"wp","href":"https:\/\/api.w.org\/{rel}","templated":true}]}}